{"id":910,"date":"2022-10-14T18:49:26","date_gmt":"2022-10-14T18:49:26","guid":{"rendered":"https:\/\/psicologoscatamarca.com.ar\/psicoweb\/?page_id=910"},"modified":"2022-10-27T18:01:51","modified_gmt":"2022-10-27T18:01:51","slug":"historia-del-colegio","status":"publish","type":"page","link":"https:\/\/psicologoscatamarca.com.ar\/psicoweb\/historia-del-colegio\/","title":{"rendered":"El Colegio de Psic\u00f3logos afianzado en la memoria"},"content":{"rendered":"\n<p class=\"has-text-align-right\">En memoria de nuestras compa\u00f1eras<\/p>\n\n\n\n<p class=\"has-text-align-right\">Dora Biasoni y Miriam Iozzo<\/p>\n\n\n<div class=\"wp-block-image\">\n<figure class=\"aligncenter size-full\"><a href=\"https:\/\/psicologoscatamarca.com.ar\/psicoweb\/wp-content\/uploads\/2022\/10\/historia-del-colegio-edited.jpeg\"><img loading=\"lazy\" decoding=\"async\" width=\"986\" height=\"859\" src=\"https:\/\/psicologoscatamarca.com.ar\/psicoweb\/wp-content\/uploads\/2022\/10\/historia-del-colegio-edited.jpeg\" alt=\"\" class=\"wp-image-886\" srcset=\"https:\/\/psicologoscatamarca.com.ar\/psicoweb\/wp-content\/uploads\/2022\/10\/historia-del-colegio-edited.jpeg 986w, https:\/\/psicologoscatamarca.com.ar\/psicoweb\/wp-content\/uploads\/2022\/10\/historia-del-colegio-edited-300x261.jpeg 300w, https:\/\/psicologoscatamarca.com.ar\/psicoweb\/wp-content\/uploads\/2022\/10\/historia-del-colegio-edited-768x669.jpeg 768w, https:\/\/psicologoscatamarca.com.ar\/psicoweb\/wp-content\/uploads\/2022\/10\/historia-del-colegio-edited-600x523.jpeg 600w\" sizes=\"auto, (max-width: 986px) 100vw, 986px\" \/><\/a><\/figure>\n<\/div>\n\n\n<p id=\"block-7171c5c9-2fce-4037-9f56-bd45953b75e3\"><br>El Consejo Directivo del Colegio de Psic\u00f3logos en funciones durante septiembre de 2019 formul\u00f3 un pedido a asociados que se incorporaron en los inicios de la Instituci\u00f3n &nbsp;para que recopilen datos y vivencias y escriban un trabajo bajo el t\u00edtulo de <em>El Colegio de <\/em><em>Psic\u00f3logos afianzado en la memoria<\/em>, que refleje las circunstancias que fueron determinantes en la construcci\u00f3n de nuestra identidad profesional.<\/p>\n\n\n\n<p id=\"block-4e41782e-bf18-40f3-bcfd-ff70b588468e\">\u201c<em>La identidad profesional funciona,&nbsp; aunque no sea f\u00e1cil demostrarlo, como una letra tallada por la experiencia vivida y la experiencia transmitida que conforman entre el ayer y el hoy un proceso hist\u00f3rico concreto<\/em>\u00bb&nbsp;(Rosa Falcone, 1997).<\/p>\n\n\n\n<p id=\"block-0c16c2ac-5a38-4206-813a-1604fe709da9\">&nbsp;El grupo que acept\u00f3 el reto se propuso organizar cronol\u00f3gicamente la historia del Colegio de Psic\u00f3logos de Catamarca desde sus inicios hasta los primeros a\u00f1os de este siglo, tomando como fuentes principales el registro documental, los testimonios personales y algunos acontecimientos pol\u00edticos y socioculturales que crearon las condiciones para su fundaci\u00f3n y evoluci\u00f3n.<\/p>\n\n\n\n<p id=\"block-e56c045a-550f-4862-8c27-589597abde66\">Se consensu\u00f3 el armado de un relato hist\u00f3rico y una memoria colectiva tomando varios ejes:<\/p>\n\n\n\n<ul class=\"wp-block-list\" id=\"block-142ab467-19c1-4584-a02b-4d835a21bb7d\"><li>Los or\u00edgenes. Contexto social-pol\u00edtico-cultural de los a\u00f1os 60 y 70.<\/li><li>Institucionalizaci\u00f3n a trav\u00e9s de la colegiaci\u00f3n: creaci\u00f3n, estatutos,&nbsp; personer\u00eda jur\u00eddica, los ejes de discusi\u00f3n de la \u00e9poca.<\/li><li>Legalizaci\u00f3n: reuniones preliminares, estrategias. Segunda mitad de los 70 y comienzos de los 80.<\/li><li>Dispositivos de inserci\u00f3n laboral: Convenios con obras sociales, sistema de auditor\u00edas, c\u00f3digos de \u00e9tica.<\/li><li>Sede: adquisici\u00f3n de un espacio f\u00edsico propio.<\/li><li>La formaci\u00f3n profesional como eje transversal y longitudinal: actividades de capacitaci\u00f3n permanente,&nbsp; con los diferentes marcos te\u00f3ricos.<\/li><\/ul>\n\n\n\n<p id=\"block-963ae40b-718a-4c07-b55f-a5395a2b8e32\">Este \u00faltimo eje deber\u00e1 ser retomado por otras y otros colegas en un futuro trabajo ya que, en esta instancia, no alcanzamos a desarrollarlo en la amplitud que se merece&nbsp; (la pandemia como contingencia inesperada nos interrumpi\u00f3) y es necesario por su complejidad y por la importancia que tiene en la pr\u00e1ctica profesional.<\/p>\n\n\n\n<p id=\"block-8a8253c4-0665-449d-a8ad-4f7e2516c6ff\"><strong>Participaron<\/strong>:<\/p>\n\n\n\n<p id=\"block-a55bd0c7-3008-425e-bc79-1599fa10c925\">Lic. Dora Biasoni<\/p>\n\n\n\n<p id=\"block-1072768a-3502-4650-a8e5-81a995f68151\">Lic. Eleonora Campos<\/p>\n\n\n\n<p id=\"block-f0528588-bea5-4cf9-ace1-66fb2256e57e\">Psic. Mar\u00eda Isabel Ib\u00e1\u00f1ez<\/p>\n\n\n\n<p id=\"block-407251de-318b-4fdd-a17c-f41b257df72c\">Lic. Miriam Iozzo<\/p>\n\n\n\n<p id=\"block-ab5e2df1-e23b-43eb-a892-57b34affae0c\">Lic. Mirtha Losso<\/p>\n\n\n\n<p id=\"block-b3004e22-a27c-4c11-b822-19359ae22a43\">Lic. Carmen Mart\u00ednez<\/p>\n\n\n\n<p id=\"block-81e31157-17e0-4d18-9953-719e5733b668\">Lic. Edgardo Quiroga<\/p>\n\n\n\n<p id=\"block-d7f5509a-1964-40d4-8d0b-1ae096e93d4d\">Lic. Adalgisa Scaglia<\/p>\n\n\n\n<p id=\"block-72833a1e-e72f-47b2-b1b8-c0fd32b0bab5\">Lic. Maria Paulina Sanchez<\/p>\n\n\n\n<p id=\"block-ba09c506-af38-4861-ab8e-da8cab4322cf\">Lic. Lucrecia Walter<\/p>\n\n\n\n<p id=\"block-e8c28664-15fe-4f27-b428-80a1d69a1791\"><strong>Compaginaci\u00f3n y edici\u00f3n:<\/strong><\/p>\n\n\n\n<p id=\"block-69b88ebd-a5cf-405e-81f5-db89e88c7666\">Lic. Mirtha Losso<\/p>\n\n\n\n<p id=\"block-88580951-f7b9-499c-a546-95ed2aab5d3a\"><strong>LA MEMORIA COLECTIVA<\/strong><\/p>\n\n\n\n<p id=\"block-fafea14f-12c9-466d-8153-10a0c0504a7e\">El concepto de Memoria Colectiva, seg\u00fan el soci\u00f3logo franc\u00e9s Maurice Halbwchs, se trata de un proceso social de reconstrucci\u00f3n del pasado vivido y experimentado por un determinado grupo, comunidad o sociedad. Es distinta a la historia, la cual se refiere a la serie de fechas y eventos registrados como datos duros y&nbsp; hechos infalibles, independientemente de si estos han sido sentidos o experimentados por alguien. Mientras que la historia es informativa, la memoria es comunicativa. La memoria funciona como la \u00fanica garant\u00eda de que un grupo sigue siendo el mismo en medio de un mundo en perpetuo movimiento.<\/p>\n\n\n\n<p id=\"block-fd322dbf-cf86-4331-8121-0bfeb9a39245\"><strong>Los 70: Los inicios<\/strong><\/p>\n\n\n\n<p id=\"block-550439a3-96e6-4507-900b-8583ef162471\">&nbsp;Regreso de la democracia y de nuevos colegas. Tiempos dif\u00edciles y peligrosos. Las disputas por el espacio, los \u201cetc\u00e9teras\u201d y el D\u00eda del Psic\u00f3logo: las huellas de la memoria.<\/p>\n\n\n\n<p id=\"block-f68c8d03-659a-4b37-a240-ca5bb757a4dc\">&nbsp;&nbsp;&nbsp;&nbsp; El a\u00f1o 1973 fue un a\u00f1o de cambios vertiginosos, tanto en el pa\u00eds como en nuestra provincia. Las elecciones generales del mes de marzo pusieron fin a un largo y oscuro per\u00edodo de gobiernos militares (1966-1973). El regreso de la democracia trajo aires nuevos y un clima de expectativa en la poblaci\u00f3n en general y gener\u00f3 cambios importantes que habr\u00edan de favorecer la apertura del campo profesional y la inserci\u00f3n laboral de los psic\u00f3logos y las psic\u00f3logas en nuestro medio.<\/p>\n\n\n\n<p id=\"block-98723afd-5ec3-406e-8707-54e10aad5ab7\">A principios de la d\u00e9cada 70 la presencia de psic\u00f3logos en Catamarca se reduc\u00eda solo a dos colegas, Nelly Urquiza y Cristina Ib\u00e1\u00f1ez. Ambas ya estaban incorporadas al sistema estatal de salud trabajando en ambos hospitales p\u00fablicos y en la Casa Cuna, que depend\u00eda del&nbsp; Ministerio de Bienestar Social. Hasta principios de 1973, Nely y Cristina trabajaron en soledad, dificultosamente, abriendo espacios.<\/p>\n\n\n\n<p id=\"block-9fa648ba-f712-46be-91ef-38a91a7e94a6\">En marzo-abril de 1973 llegan Dora Biasoni, Cristina Herrera y Mirtha Losso. Todas ellas abocadas a una r\u00e1pida inserci\u00f3n laboral al mismo tiempo que desarrollaban las gestiones en el Ministerio de Gobierno, con el fin de que el recientemente elegido gobierno democr\u00e1tico diera luz verde a la creaci\u00f3n de una instituci\u00f3n para nuclear y representar profesionalmente a estas cinco psic\u00f3logas residentes en la provincia. Era tiempo de elecciones nacionales y provinciales.<\/p>\n\n\n\n<p id=\"block-07cb8189-06b6-4c7f-a45d-727c926dc035\">&nbsp;Al poco tiempo, el Ministerio de Gobierno autoriz\u00f3 a las colegas a constituirse como Colegio e iniciar la gesti\u00f3n de la Personer\u00eda Jur\u00eddica. Las primeras reuniones para la nueva instituci\u00f3n se realizaron en la calle Caseros al 400, en casa de Nelly Urquiza, a quien se elige para la funci\u00f3n de la presidencia: se distribuyeron las \u00e1reas de trabajo, se crearon secretar\u00edas y se estableci\u00f3 el estatuto para el funcionamiento del Colegio de Psic\u00f3logos de Catamarca, adaptando el de la C.O.P.R.A (Confederaci\u00f3n de Psic\u00f3logos de la Rep\u00fablica Argentina).<\/p>\n\n\n\n<p id=\"block-0b850750-414f-4c2b-867e-191b6241bb82\">\u201cComo reflejo de la clara intenci\u00f3n que nos animaba, la primera acci\u00f3n fue solicitar un cr\u00e9dito a sola firma para adquirir esa peque\u00f1a m\u00e1quina de escribir Olivetti que nos acerc\u00f3 a todas las personas e instituciones a las que fue necesario conectar con notas y comunicaciones cuando la internet no era ni siquiera un sue\u00f1o\u201d, recuerda una colega<\/p>\n\n\n\n<p id=\"block-cd9eb62d-3741-4c3c-9208-982e27d83d12\"><strong>Fragmento&nbsp; de la entrevista a la Lic. Mirtha Losso<\/strong><\/p>\n\n\n\n<p id=\"block-dcf48cf7-54f7-44e3-87e7-bf1ca717f803\"><em>El ministro de Gobierno se negaba a autorizar la creaci\u00f3n ya que el m\u00ednimo exigible para conformar una Sociedad Jur\u00eddica eran 10 miembros. Con diferentes motivos, solicit\u00e1bamos audiencia todo el tiempo y hac\u00edamos antesala durante horas y horas. Cristina Herrera y yo insist\u00edamos un d\u00eda y otro dando vuelta con nuestros temas: vi\u00e1ticos para viajar a tal congreso, nombramientos, autorizaci\u00f3n para colegiarnos, etc. Creo que le ganamos al Dr. Toro por cansancio. Nelly y Cristina&nbsp; trabajaban por la ma\u00f1ana y Dora ten\u00eda un beb\u00e9, as\u00ed que ten\u00edan esa limitaci\u00f3n para ir a la Casa de Gobierno. Con el tema de conseguir trabajo, recuerdo algo que hoy parecer\u00eda medio loco, pero que en ese momento hac\u00edamos, solo &nbsp;ped\u00edamos la audiencia con el&nbsp; Gobernador y era suficiente. Esper\u00e1bamos y nos recib\u00edan. El d\u00eda en que nos recibi\u00f3 el gobernador Mott, fuimos con Dora y el nene de meses. Mientras habl\u00e1bamos sobre la situaci\u00f3n econ\u00f3mica de ella, que era cr\u00edtica, el nene revole\u00f3 el chupete que sali\u00f3 volando y fue a parar lejos, debajo de una mesa grande e importante que hab\u00eda en el despacho. Ver al Gobernador en cuclillas buscando el chupete de Danielito fue muy raro y nosotras disimulando para no re\u00edrnos. Se podr\u00eda decir que el actual Dr. Ovejero, oftalm\u00f3logo, colabor\u00f3 muy activamente para que su mam\u00e1 consiga ese trabajo. Mott le firm\u00f3 la designaci\u00f3n en la Direcci\u00f3n Provincial del Menor y la Familia poco m\u00e1s tarde<\/em>.<\/p>\n\n\n\n<p id=\"block-8e224b58-fda1-44f5-b023-c5e13233e22f\"><strong>________________________________________________________________________________________<\/strong><\/p>\n\n\n\n<p id=\"block-3e6d81f6-c54f-4157-8b43-e8a88bd1d8e2\">Ese a\u00f1o 1973 fue un a\u00f1o de regresos, cambios y reacomodamientos. Para el mes de julio ya \u00e9ramos una multitud. Flamantes colegas se iban sumando sin prisa y sin pausa: Miguel Barrionuevo, Nilda Ace\u00f1olaza, Adalgisa Scaglia, Myldre Jofre, Mar\u00eda Paulina S\u00e1nchez, Susana Cambursano, Carmen Mart\u00ednez\u2026<\/p>\n\n\n<div class=\"wp-block-image\">\n<figure class=\"aligncenter size-full\"><a href=\"https:\/\/psicologoscatamarca.com.ar\/psicoweb\/wp-content\/uploads\/2022\/10\/asd-edited.jpg\"><img loading=\"lazy\" decoding=\"async\" width=\"774\" height=\"774\" src=\"https:\/\/psicologoscatamarca.com.ar\/psicoweb\/wp-content\/uploads\/2022\/10\/asd-edited.jpg\" alt=\"\" class=\"wp-image-894\" srcset=\"https:\/\/psicologoscatamarca.com.ar\/psicoweb\/wp-content\/uploads\/2022\/10\/asd-edited.jpg 774w, https:\/\/psicologoscatamarca.com.ar\/psicoweb\/wp-content\/uploads\/2022\/10\/asd-edited-300x300.jpg 300w, https:\/\/psicologoscatamarca.com.ar\/psicoweb\/wp-content\/uploads\/2022\/10\/asd-edited-150x150.jpg 150w, https:\/\/psicologoscatamarca.com.ar\/psicoweb\/wp-content\/uploads\/2022\/10\/asd-edited-768x768.jpg 768w, https:\/\/psicologoscatamarca.com.ar\/psicoweb\/wp-content\/uploads\/2022\/10\/asd-edited-600x600.jpg 600w\" sizes=\"auto, (max-width: 774px) 100vw, 774px\" \/><\/a><figcaption>Colaci\u00f3n de grado. Abril 1972.<\/figcaption><\/figure>\n<\/div>\n\n<div class=\"wp-block-image\">\n<figure class=\"aligncenter size-full\"><a href=\"https:\/\/psicologoscatamarca.com.ar\/psicoweb\/wp-content\/uploads\/2022\/10\/foto-1.jpg\"><img loading=\"lazy\" decoding=\"async\" width=\"671\" height=\"636\" src=\"https:\/\/psicologoscatamarca.com.ar\/psicoweb\/wp-content\/uploads\/2022\/10\/foto-1.jpg\" alt=\"\" class=\"wp-image-897\" srcset=\"https:\/\/psicologoscatamarca.com.ar\/psicoweb\/wp-content\/uploads\/2022\/10\/foto-1.jpg 671w, https:\/\/psicologoscatamarca.com.ar\/psicoweb\/wp-content\/uploads\/2022\/10\/foto-1-300x284.jpg 300w, https:\/\/psicologoscatamarca.com.ar\/psicoweb\/wp-content\/uploads\/2022\/10\/foto-1-600x569.jpg 600w\" sizes=\"auto, (max-width: 671px) 100vw, 671px\" \/><\/a><figcaption>Colaci\u00f3n de grado. Abril 1972.<strong> <\/strong>Mirtha Losso, Eleonora Campos, Dora Biasoni, Nilda Ace\u00f1olaza<\/figcaption><\/figure>\n<\/div>\n\n\n<p>A partir de all\u00ed, la tarea central y casi excluyente fue la inserci\u00f3n en instituciones: escuelas, hospitales, minoridades. En casi todos los casos, la incorporaci\u00f3n efectiva estuvo precedida por un largo tiempo de trabajo <em>ad honorem<\/em>. Para difundir el conocimiento de la Psicolog\u00eda y el rol del psic\u00f3logo en la comunidad, se realizaban charlas y encuentros permanentes con efectores del sistema de salud y educaci\u00f3n.<\/p>\n\n\n\n<p>La confrontaci\u00f3n con m\u00e9dicos y profesoras de Filosof\u00eda y Ciencias de la Educaci\u00f3n no se hizo esperar. Fue la lucha por nuestro espacio y pr\u00e1ctica profesional espec\u00edfica y diferenciada del saber m\u00e9dico y de la orientaci\u00f3n pedag\u00f3gica, que desde los gabinetes psicopedag\u00f3gicos se extend\u00eda, hasta ese momento, al campo cl\u00ednico.<\/p>\n\n\n\n<p><strong>La Cl\u00ednica<\/strong><\/p>\n\n\n\n<p>En todas las conducciones del Colegio en la d\u00e9cada del 70 y subsiguientes, se hizo hincapi\u00e9 en la formaci\u00f3n profesional. La orientaci\u00f3n cl\u00ednica prevalente en estos primeros a\u00f1os en Catamarca era el psicoan\u00e1lisis cl\u00e1sico y se referenciaba en la Asociaci\u00f3n Psicoanal\u00edtica Argentina (APA); se propon\u00eda como condici\u00f3n para el ejercicio de la cl\u00ednica el an\u00e1lisis personal, la supervisi\u00f3n cl\u00ednica, la capacitaci\u00f3n y el estudio de textos freudianos, kleinianos y otros autores, como Raker, Winnicott, etc, con docentes miembros de la APA.<\/p>\n\n\n\n<p>La colaboraci\u00f3n entre colegas de Tucum\u00e1n y Catamarca permiti\u00f3 la realizaci\u00f3n de los seminarios cl\u00ednicos. Esto demostr\u00f3 la uni\u00f3n de intereses con colegas profesionales de otras provincias.<\/p>\n\n\n\n<p>En el caso de Tucum\u00e1n, el grupo catamarque\u00f1o viajaba aprovechando los fines de semana. En esos viajes se impon\u00edan los controles militares en el marco del conocido \u201cOperativo Independencia\u201d. Un contexto social de violencia que convert\u00eda dichos traslados y encuentros&nbsp; en una experiencia angustiosa y peligrosa.<\/p>\n\n\n\n<p>C\u00f3rdoba era la otra ciudad donde se desarrollaban actividades de formaci\u00f3n cl\u00ednica. Con los a\u00f1os y a medida que se iban incorporando al Colegio nuevos y nuevas colegas, la formaci\u00f3n y la pr\u00e1ctica cl\u00ednica se fue diversificando hacia otras escuelas de pensamiento: el psicoan\u00e1lisis franc\u00e9s de la mano de Jacques Lacan, la terapia Familiar Sist\u00e9mica y la escuela Gest\u00e1ltica. Estos&nbsp; aportes disciplinarios pusieron en tensi\u00f3n a los saberes instituidos por el psicoan\u00e1lisis&nbsp; cl\u00e1sico, reflejando en nuestra provincia los debates que se profundizaban en el resto del pa\u00eds.&nbsp;&nbsp;&nbsp;&nbsp;&nbsp;&nbsp;&nbsp;&nbsp;&nbsp;&nbsp;&nbsp;&nbsp;&nbsp;&nbsp;&nbsp;&nbsp;&nbsp;&nbsp;&nbsp;&nbsp;&nbsp;&nbsp;&nbsp;&nbsp;&nbsp;&nbsp;&nbsp;&nbsp;<\/p>\n\n\n\n<p><strong>Campos de disputas<\/strong><\/p>\n\n\n\n<p>En el mes de agosto de 1972, el antiguo Instituto Nacional del Profesorado, instituci\u00f3n emblem\u00e1tica de formaci\u00f3n de docentes,&nbsp; se convirti\u00f3 en la Universidad Nacional de Catamarca. Al a\u00f1o siguiente se inici\u00f3 la actividad acad\u00e9mica. Las licenciadas Urquiza, Herrera, Losso, Jofre y S\u00e1nchez formaron parte del <em>staff<\/em> profesional del Ciclo Introductorio que tuvo un desarrollo muy interesante con la modalidad de Mesas de Trabajo en la Capital y el interior de la provincia coordinadas por alumnos, docentes y profesionales con participaci\u00f3n directa de las comunidades locales. El tema convocante era la elecci\u00f3n de carreras que deb\u00edan conformar la oferta acad\u00e9mica de la UNCa.<\/p>\n\n\n\n<p>Hasta ese momento, el espacio de la psicolog\u00eda cl\u00ednica era ocupado por la orientaci\u00f3n educativa\/conductual que realizaban docentes del \u00e1rea de Ciencias de la Educaci\u00f3n. Conquistar ese espacio no fue sencillo y&nbsp; represent\u00f3 un campo de disputas muy intensas durante los a\u00f1os posteriores.<\/p>\n\n\n\n<p>Otro \u00e1mbito conflictivo, de igual o mayor profundidad, fue con el Poder M\u00e9dico Hegem\u00f3nico. En el libro de Actas del Colegio consta que en la reuni\u00f3n del d\u00eda 29\/5\/73 se analiza el Anteproyecto de Ley de Carrera Asistencial-sanitaria presentado por el Colegio M\u00e9dico en el que estaban excluidos los psic\u00f3logos. Se mencionaba en dicho anteproyecto el nefasto eslogan de LOS TRES NO: No a la psicoterapia, No a la prescripci\u00f3n de psicof\u00e1rmacos&nbsp; y No al ejercicio del Psicoan\u00e1lisis.<\/p>\n\n\n\n<p>En el Ministerio de Bienestar Social se encontraba la Subsecretar\u00eda de Salud P\u00fablica donde se otorgaba la Matr\u00edcula Profesional, registr\u00e1ndose a los psic\u00f3logos y psic\u00f3logas como \u201cAuxiliares\u201d de la Medicina junto a otras disciplinas del arte de curar como kinesiolog\u00eda, fonoaudiolog\u00eda, nutrici\u00f3n, etc. Por esta raz\u00f3n asignaban a nuestras colegas la Categor\u00eda 18 del Escalaf\u00f3n de la Administraci\u00f3n P\u00fablica provincial. Pasaron varios a\u00f1os hasta la sanci\u00f3n de la Ley de Ejercicio Profesional, ley con la que se posibilit\u00f3 el pase a categor\u00eda 21 (profesional A1): lo que correspond\u00eda como Carrera Mayor Universitaria (mayor de 5 a\u00f1os).<\/p>\n\n\n\n<p>La historia de nuestra profesi\u00f3n en Catamarca, en estos primeros a\u00f1os, circula repetidamente por los mismos senderos: la resistencia de la sociedad tradicional para absorber los cambios que representaba este nuevo sujeto social, la aparici\u00f3n de los y las psic\u00f3logas en las instituciones, la b\u00fasqueda de legitimaci\u00f3n y jerarquizaci\u00f3n dentro de las profesiones del \u00e1rea de la salud mental y tantas otras vicisitudes. Los recuerdos tambi\u00e9n nos llevan por c\u00f3mo se jugaban las cuestiones de g\u00e9nero en los 70: los apellidos de casadas no siempre se quedaban en casa, estaban tambi\u00e9n en el CV, como una marca de esa \u00e9poca.<\/p>\n\n\n\n<p><strong>Tiempos dif\u00edciles&nbsp;<\/strong><\/p>\n\n\n\n<p>Los tiempos revueltos pol\u00edticamente en Argentina resonaban l\u00f3gicamente en nuestra realidad aunque, quiz\u00e1s, no con la misma intensidad que en el resto del pa\u00eds.&nbsp;&nbsp;&nbsp;<\/p>\n\n\n\n<p>Tanto en Catamarca como en el pa\u00eds, en los primeros a\u00f1os de la d\u00e9cada se&nbsp; viv\u00edan tiempos dif\u00edciles y peligrosos. Arreciaba la ofensiva de la Triple A (Alianza Antirrevolucionaria Argentina) contra los movimientos revolucionarios -armados o no- y opositores pol\u00edticos del campo popular. En marzo de 1976 se produce el golpe militar que dio continuidad y profundiz\u00f3 la acci\u00f3n de la AAA, con persecuciones, desapariciones y detenciones arbitrarias. Esta realidad no fue ajena a nuestra vida provinciana: colegas detenidos sin causa, acoso, vigilancia. Miguel Barrionuevo, Edgardo Quiroga, Cristina Ib\u00e1\u00f1ez, Nilda Ace\u00f1olaza conocieron de cerca el rostro de la dictadura. La profesi\u00f3n de psic\u00f3logo era una de las m\u00e1s observadas por el control ideol\u00f3gico del gobierno de facto. Mientras duraba el encarcelamiento a disposici\u00f3n del PEN (Poder Ejecutivo Nacional) de Miguel Barrionuevo, el clima de persecuta llevaba a las colegas del Consejo Directivo a pensar y generar estrategias de negociaci\u00f3n con el objetivo de seguir la tarea de difusi\u00f3n, apertura de espacios y oportunidades de trabajo para los colegas de nuestra provincia. Algunas muy curiosas y con mucho sabor local, como las que record\u00f3 Eleonora Campos quien se incorpor\u00f3 al Colegio a fines del a\u00f1o&nbsp; 1975.<\/p>\n\n\n\n<p><strong>Fragmento de entrevista a la Lic. Campos, en la que recuerda el homenaje en Plaza 25 de Mayo y Catedral en el D\u00eda del Psic\u00f3logo, en Octubre de 1976<\/strong><\/p>\n\n\n\n<p><em>Yo recuerdo que para el D\u00eda del Psic\u00f3logo en esa \u00e9poca realizamos actos recordatorios muy formales y por compromiso con una sociedad en estado de tensi\u00f3n, como misas en la Catedral Bas\u00edlica, ofrendas florales en la plaza 25 de Mayo, publicaciones e invitaciones formales a la cena conmemorativa a las autoridades provinciales, adem\u00e1s de los presidentes de los Colegios profesionales. \u00cdbamos por la noche, 21 hs., a la plaza y con toda la actitud de solemnidad dej\u00e1bamos las flores y hac\u00edamos un peque\u00f1o acto frente a la estatua de San Mart\u00edn. Supongo que eso nos permit\u00eda dar una imagen tranquilizadora, como instituci\u00f3n, frente a la sociedad catamarque\u00f1a porque la verdad era que el miedo y la vigilancia eran reales y palpables -muy diferentes a lo que fueron los a\u00f1os posteriores<\/em>.<\/p>\n\n\n\n<p><strong>D\u00eda del Psic\u00f3logo: Una fecha<\/strong><\/p>\n\n\n\n<p>La Psic. Mar\u00eda Isabel Ib\u00e1\u00f1ez nos recuerda que, al llegar ella a Catamarca en el a\u00f1o 1978, todav\u00eda se festejaba el D\u00eda del Psic\u00f3logo en el mismo d\u00eda de la Asistente Social, profesi\u00f3n que actualmente es la de Trabajo Social.<\/p>\n\n\n\n<p>El 13 de octubre de 1981, por primera vez, en Catamarca se festeja el D\u00eda del Psic\u00f3logo en esa fecha, adhiri\u00e9ndose al d\u00eda nacional que hab\u00eda sido establecido&nbsp; a\u00f1os atr\u00e1s por la COPRA. <em><\/em><\/p>\n\n\n\n<p>La Federaci\u00f3n de Psic\u00f3logos de la Rep\u00fablica Argentina (FEPRA), en el mes de octubre de 2019 public\u00f3: \u201c(&#8230;) Esta fecha que se instituy\u00f3 en 1974, cuando la confederaci\u00f3n de psic\u00f3logos de la Rep\u00fablica Argentina (COPRA), entidad antecesora de la actual FEPRA, convoc\u00f3 al primer Encuentro Nacional de Psic\u00f3logos y Estudiantes de Psicolog\u00eda en la ciudad de C\u00f3rdoba. Este encuentro se erigi\u00f3 como un espacio para pensar y trabajar por los derechos de los psic\u00f3logos, por la construcci\u00f3n de una identidad profesional y donde miles de psic\u00f3logos y estudiantes de todo el pa\u00eds unieron sus fuerzas en defensa de la Psicolog\u00eda\u00bb.<\/p>\n\n\n\n<p><strong>Fragmento de <em>Las Huellas de la Memoria. Psicoan\u00e1lisis y Salud Mental en la Argentina de los 60 y 70 <\/em>de Enrique Carpintero y Alejandro Vainer<\/strong><\/p>\n\n\n\n<p><em>En octubre de 1974 se realiz\u00f3 el Primer Encuentro de Psic\u00f3logos y Estudiantes de Psicolog\u00eda en C\u00f3rdoba. Para ese entonces hab\u00eda 28 asociaciones profesionales de psic\u00f3logos incorporados a COPRA. Casi 5.000 psic\u00f3logos agremiados sobre 6.000 existentes y unos 40.000 estudiantes en las carreras de Psicolog\u00eda. Para el encuentro en C\u00f3rdoba concurrieron psic\u00f3logos y estudiantes de todo el pa\u00eds, aunque fueron pocos los de Buenos Aires, que estaban en lucha por el cierre de la carrera en la UBA y los de La Plata, que debieron desistir de concurrir por asesinatos de compa\u00f1eros de la universidad.<\/em><\/p>\n\n\n\n<p><a><\/a><em>En ese clima se discutieron las propuestas de COPRA y las ilusiones perdidas en el plan de Salud. Sobre el final hubo una moci\u00f3n de instaurar esa fecha, el 13 de octubre, como el D\u00eda del Psic\u00f3logo. A partir de entonces, y como homenaje a esta lucha el 13 de octubre es el D\u00eda del Psic\u00f3logo. Alberto Colaski, cordob\u00e9s, rememoraba ese hecho a\u00f1os despu\u00e9s: \u201cEn 1974 hab\u00eda surgido la propuesta del SNIS (Servicio Nacional Integral de Salud) por parte del Ministro de Salud de la Naci\u00f3n, el Dr. Liotta. El proyecto estaba en la C\u00e1mara de Diputados de la Naci\u00f3n. Pero a la hora de hablar de los trabajadores de la salud nombraba a los m\u00e9dicos, enfermeros, kinesi\u00f3logos, fonoaudi\u00f3logos, etc. <strong>Los psic\u00f3logos no figur\u00e1bamos en esa lista.<\/strong> En ese momento yo era el presidente del Centro de Estudiantes de Filosof\u00eda y Letras (CEFyL) de C\u00f3rdoba y miembro de la FUA (Federaci\u00f3n Universitaria Argentina). Entonces junto a los psic\u00f3logos que conduc\u00edan la COPRA nos entrevistamos con la Comisi\u00f3n de Salud de Diputados. En la reuni\u00f3n le mencionamos esta situaci\u00f3n, y comenzaron a releer el proyecto, cruzando miradas como desconcertados. Uno de ellos nos dijo: \u2018No, por favor, <strong>ac\u00e1 est\u00e1n ustedes, en el&nbsp;etc\u00e9tera\u2019<\/strong>. Nuestra indignaci\u00f3n fue muy grande. Por eso convocamos a un Encuentro Nacional de Psic\u00f3logos y Estudiantes de Psicolog\u00eda. El Centro de Estudiantes y el incipiente Colegio de Psic\u00f3logos de C\u00f3rdoba, dirigido por Marcos Genet, propusimos ser la sede de dicho encuentro. C\u00f3rdoba simbolizaba la sociedad Combativa y de Lucha. El Encuentro se realiz\u00f3 del 11 al 13 de octubre de 1974, en nuestra Ciudad Universitaria, m\u00e1s precisamente en&nbsp; lo que hoy conocemos como Bater\u00edas A. \u00c9ramos 1.500 Psic\u00f3logos y estudiantes de Psicolog\u00eda de todo el pa\u00eds. En la discusi\u00f3n predominaba la presencia de las distintas agrupaciones pol\u00edticas, en particular las de izquierda, con una serie de diferencias entre s\u00ed. El punto central era qui\u00e9nes aceptaban el Proyecto Liotta, logrando salir del&nbsp;etc\u00e9tera, pero siguiendo en dependencia del m\u00e9dico y los que directamente rechazaban integrarse al programa en ese marco. Tambi\u00e9n se debati\u00f3 cu\u00e1l era el mejor sistema sanitario para el pa\u00eds, la formaci\u00f3n de los psic\u00f3logos. Lleg\u00f3 el domingo 13 de octubre y no nos hab\u00edamos puesto de acuerdo en nada. En ese momento nos reunimos los organizadores del encuentro y reconociendo esa realidad, se propuso un s\u00edmbolo de unidad. Como hasta ese momento no exist\u00eda el \u2018D\u00eda del Psic\u00f3logo\u2019, dejamos a partir de ese d\u00eda 13 de octubre de 1974 instituido como nuestro \u2018D\u00eda\u2019. Esta propuesta fue aprobada por el plenario y como hoy se comprueba se logr\u00f3 mantener algo que sali\u00f3 de aquellos turbulentos pero ricos momentos.\u201d Este encuentro culmin\u00f3 con una represi\u00f3n policial en la Ciudad Universitaria de C\u00f3rdoba ese mismo d\u00eda.<\/em><\/p>\n\n\n\n<p><em>Entonces se hab\u00eda intervenido la Facultad de Filosof\u00eda y Letras de la UBA. El cura S\u00e1nchez Abelenda, representante de la derecha fascista, se hizo cargo de la carrera. Durante gran parte de 1975, la carrera de Psicolog\u00eda qued\u00f3 cerrada. Hubo varias clases en la calle como se\u00f1al de protesta ante la situaci\u00f3n. Pero la serie de persecuciones e intimidaciones se multiplicaban. La \u201cTriple A\u201d segu\u00eda operando sobre todos los que estaban politizados. La Facultad de Filosof\u00eda y Letras era uno de esos \u00e1mbitos. La Ley de Ejercicio profesional qued\u00f3 en la nada. El Plan del \u201874 no lleg\u00f3 a implementarse. Hab\u00eda otros planes para el pa\u00eds y para esta carrera que ahora entraba en la noche m\u00e1s oscura de su historia.<\/em><\/p>\n\n\n\n<p><em>La informaci\u00f3n sobre el Encuentro aparec\u00eda en An\u00f3nimo, \u201cEncuentro Nacional de Psic\u00f3logos y Estudiantes de Psicolog\u00eda realizado en C\u00f3rdoba\u201d, mimeografiado, San Luis, octubre 1974. Comunicaci\u00f3n personal de Alberto Colaski, agosto 2002<\/em>.<\/p>\n\n\n<div class=\"wp-block-image\">\n<figure class=\"aligncenter size-full\"><a href=\"https:\/\/psicologoscatamarca.com.ar\/psicoweb\/wp-content\/uploads\/2022\/10\/cordoba.jpg\"><img loading=\"lazy\" decoding=\"async\" width=\"620\" height=\"420\" src=\"https:\/\/psicologoscatamarca.com.ar\/psicoweb\/wp-content\/uploads\/2022\/10\/cordoba.jpg\" alt=\"\" class=\"wp-image-907\" srcset=\"https:\/\/psicologoscatamarca.com.ar\/psicoweb\/wp-content\/uploads\/2022\/10\/cordoba.jpg 620w, https:\/\/psicologoscatamarca.com.ar\/psicoweb\/wp-content\/uploads\/2022\/10\/cordoba-300x203.jpg 300w, https:\/\/psicologoscatamarca.com.ar\/psicoweb\/wp-content\/uploads\/2022\/10\/cordoba-600x406.jpg 600w\" sizes=\"auto, (max-width: 620px) 100vw, 620px\" \/><\/a><\/figure>\n<\/div>\n\n\n<p>En las actas de reuniones del Consejo Directivo de los a\u00f1os posteriores a 1978 se ha registrado una intensa actividad relacionada con la jerarquizaci\u00f3n de la profesi\u00f3n. Publicaciones period\u00edsticas, disertaciones cient\u00edficas en los C\u00edrculos Odontol\u00f3gico y M\u00e9dico con pediatras, cl\u00ednicos, psicopedagogos. El contacto con otros colegios profesionales locales y de la regi\u00f3n, la adhesi\u00f3n del Colegio a las obras sociales y muy especialmente, la gesti\u00f3n del proyecto m\u00e1s ambicionado por todos que fue la definitiva matriculaci\u00f3n en el marco de una Ley de Ejercicio Profesional.<\/p>\n\n\n\n<p><strong>LOS 80<\/strong><\/p>\n\n\n\n<p>Los primeros a\u00f1os de la d\u00e9cada del 80 fueron muy&nbsp; importantes.&nbsp; La dictadura militar resquebraj\u00e1ndose, la guerra de&nbsp; Malvinas, las expectativas del regreso a la Democracia, la necesidad de grandes cambios como en el \u201873. Entre los colegas se activa la necesidad de una Ley de Ejercicio Profesional, como suced\u00eda en muchas otras provincias.<\/p>\n\n\n\n<p>\u201c(\u2026) La Mutual de Agua y Energ\u00eda comunica que para el diagn\u00f3stico y tratamiento psicol\u00f3gico se requiere derivaci\u00f3n m\u00e9dica, de psiquiatra o neur\u00f3logo\u201d (Acta de reuni\u00f3n de Consejo Directivo de esa \u00e9poca).&nbsp;&nbsp;&nbsp;&nbsp;&nbsp;&nbsp;&nbsp; &nbsp;<\/p>\n\n\n\n<p>Ese era nuestro mundo. El modelo m\u00e9dico hegem\u00f3nico era acompa\u00f1ado por la legislaci\u00f3n vigente, en desmedro de la pr\u00e1ctica cl\u00ednica de los psic\u00f3logos ya desde los lejanos a\u00f1os 50. Seg\u00fan la Resoluci\u00f3n 2282, firmada durante el gobierno peronista y la ley 17.132 del a\u00f1o 1967 conocida como \u201cLey Ongan\u00eda\u201d, que estaba vigente en Capital Federal, Tierra del Fuego e Islas del Atl\u00e1ntico Sur, los psic\u00f3logos \u00e9ramos descriptos y autorizados a trabajar en el \u00e1reacl\u00ednica bajo <ins>&nbsp;<\/ins>estricta supervisi\u00f3n como auxiliares de la psiquiatr\u00eda.&nbsp; Como una simple reiteraci\u00f3n de la arbitrariedad de aquellos marcos legales, el contenido hab\u00eda sido tomado, literalmente, a nivel nacional en 1980 por el ministro Llerena Amadeo a trav\u00e9s del decreto reglamentario 22.207.<\/p>\n\n\n\n<p>En nuestro Colegio, en todas las reuniones del Consejo Directivo de esa \u00e9poca, la ley de colegiatura era el tema dominante y es interesante considerar las experiencias que se daban a nivel local y regional como una caja de resonancia dentro del contexto nacional de lucha por el espacio profesional.<\/p>\n\n\n\n<p><strong>Las Obras Sociales<\/strong><\/p>\n\n\n\n<p>Mayo de 1983. Sigue la tarea apuntando a los contratos con Obras Sociales. Nuestro Colegio ya est\u00e1 incorporado a FEPRA, la Federaci\u00f3n acerca un modelo de contrato para gestionar las prestaciones a obras sociales, el cual finalmente no se acept\u00f3. Recuerda la licenciada Eleonora&nbsp; Campos que&nbsp; reci\u00e9n promediando la d\u00e9cada de los \u201880, se logra firmar el primer convenio con la Obra Social de los Empleados P\u00fablicos (OSEP).<\/p>\n\n\n\n<p>Luego de un arduo trabajo e innumerables reuniones entre las autoridades de la Comisi\u00f3n Directiva de ese momento y las autoridades de OSEP, se cre\u00f3 un nomenclador para las prestaciones psicol\u00f3gicas, quedando establecido que pod\u00edan realizarse entre 8-10 sesiones por mes con cada paciente (r\u00e9gimen que contin\u00faa hasta la fecha). Se logr\u00f3 el acceso de&nbsp; amplios sectores a la salud mental, lo que signific\u00f3 un logro importante para la comunidad toda, con un beneficio que se hizo extensivo a la instituci\u00f3n y sus miembros.<\/p>\n\n\n\n<p>A partir de este momento, tres factores contribuyeron&nbsp; al incremento de los ingresos econ\u00f3micos del Colegio: el porcentaje extra\u00eddo de las pr\u00e1cticas de las obras sociales, el incremento de la matriculaci\u00f3n de nuevos profesionales y la cuota mensual para la actualizaci\u00f3n de la matr\u00edcula. Estos ingresos y la eficacia de posteriores gestiones posibilitaron el alquiler de una sede, y con posterioridad la compra del inmueble en el que actualmente funciona el Colegio.<\/p>\n\n\n\n<p>Como actividad complementaria e imprescindible para la gesti\u00f3n de este sistema de prestaciones a obras sociales, se dise\u00f1\u00f3 un mecanismo de auditor\u00eda interna para asesoramiento y control de transparencia de las pr\u00e1cticas profesionales.<\/p>\n\n\n\n<p><strong>La Ley<\/strong><\/p>\n\n\n\n<p>En Catamarca, la Direcci\u00f3n de Personas Jur\u00eddicas brindaba orientaci\u00f3n acerca de los procesos de institucionalizaci\u00f3n, reformas del Estatuto y del armado de anteproyectos de leyes. Desde el Colegio se busc\u00f3 el asesoramiento jur\u00eddico del Dr. Pedro Villarroel, ya que no era suficiente consultar los anteproyectos de Misiones, Entre R\u00edos o Santiago del Estero; el asunto requer\u00eda una mirada local.<\/p>\n\n\n\n<p>En julio de 1982 se presenta en la Direcci\u00f3n de Personas Jur\u00eddicas el informe con todas las modificaciones y adaptaciones del Estatuto vigente, para que se lo considere: se aprueba el 20 de septiembre (Decreto 6-N 1399).&nbsp; El 27 de Julio el Poder Ejecutivo de la Provincia responde con un informe que dice lo siguiente: a los psic\u00f3logos&nbsp; que se desempe\u00f1en en la administraci\u00f3n provincial les corresponder\u00e1 la categor\u00eda 18 (Ley 3806). M\u00e1s de lo mismo.<\/p>\n\n\n\n<p>El Dr. Villarroel estudia el anteproyecto de C\u00f3digo de \u00c9tica que era necesario para acompa\u00f1ar la solicitud de colegiaci\u00f3n redactado por el Lic. Edgardo Quiroga, quien es el iniciador del tr\u00e1mite de solicitud.&nbsp;&nbsp;<\/p>\n\n\n<div class=\"wp-block-image\">\n<figure class=\"aligncenter size-large\"><a href=\"https:\/\/psicologoscatamarca.com.ar\/psicoweb\/wp-content\/uploads\/2022\/10\/ad.png\"><img loading=\"lazy\" decoding=\"async\" width=\"754\" height=\"1024\" src=\"https:\/\/psicologoscatamarca.com.ar\/psicoweb\/wp-content\/uploads\/2022\/10\/ad-754x1024.png\" alt=\"\" class=\"wp-image-923\" srcset=\"https:\/\/psicologoscatamarca.com.ar\/psicoweb\/wp-content\/uploads\/2022\/10\/ad-754x1024.png 754w, https:\/\/psicologoscatamarca.com.ar\/psicoweb\/wp-content\/uploads\/2022\/10\/ad-221x300.png 221w, https:\/\/psicologoscatamarca.com.ar\/psicoweb\/wp-content\/uploads\/2022\/10\/ad-768x1043.png 768w, https:\/\/psicologoscatamarca.com.ar\/psicoweb\/wp-content\/uploads\/2022\/10\/ad-600x815.png 600w, https:\/\/psicologoscatamarca.com.ar\/psicoweb\/wp-content\/uploads\/2022\/10\/ad.png 858w\" sizes=\"auto, (max-width: 754px) 100vw, 754px\" \/><\/a><\/figure>\n<\/div>\n\n<div class=\"wp-block-image\">\n<figure class=\"aligncenter size-large is-resized\"><a href=\"https:\/\/psicologoscatamarca.com.ar\/psicoweb\/wp-content\/uploads\/2022\/10\/el-sol-e1666636565329.png\"><img decoding=\"async\" src=\"https:\/\/psicologoscatamarca.com.ar\/psicoweb\/wp-content\/uploads\/2022\/10\/el-sol-e1666636565329-edited.png\" alt=\"\" class=\"wp-image-926\" width=\"594\" srcset=\"https:\/\/psicologoscatamarca.com.ar\/psicoweb\/wp-content\/uploads\/2022\/10\/el-sol-e1666636565329-edited.png 774w, https:\/\/psicologoscatamarca.com.ar\/psicoweb\/wp-content\/uploads\/2022\/10\/el-sol-e1666636565329-edited-300x197.png 300w, https:\/\/psicologoscatamarca.com.ar\/psicoweb\/wp-content\/uploads\/2022\/10\/el-sol-e1666636565329-edited-768x503.png 768w, https:\/\/psicologoscatamarca.com.ar\/psicoweb\/wp-content\/uploads\/2022\/10\/el-sol-e1666636565329-edited-600x393.png 600w\" sizes=\"(max-width: 774px) 100vw, 774px\" \/><\/a><\/figure>\n<\/div>\n\n\n<p>El 28 de octubre de 1983 \u201cel gobernador de la provincia, en virtud de la autorizaci\u00f3n conferida por el Art\u00edculo 12 del Estatuto para el Proceso de Reorganizaci\u00f3n Nacional\u201d, sanciona y promulga con fuerza de ley la Ley Provincial de Colegiatura N\u00b0 4024\/83. Nuestra ley de ejercicio profesional.<\/p>\n\n\n\n<p>A 39 a\u00f1os de aquel enorme desaf\u00edo que represent\u00f3 para todas las psic\u00f3logas y todos los psic\u00f3logos de la provincia, hoy resulta casi impostergable la necesidad de revisar \u00e9ticamente una ley aprobada y sancionada por un gobierno de facto.<\/p>\n\n\n<div class=\"wp-block-image\">\n<figure class=\"aligncenter size-large\"><a href=\"https:\/\/psicologoscatamarca.com.ar\/psicoweb\/wp-content\/uploads\/2022\/10\/diario.png\"><img loading=\"lazy\" decoding=\"async\" width=\"721\" height=\"1024\" src=\"https:\/\/psicologoscatamarca.com.ar\/psicoweb\/wp-content\/uploads\/2022\/10\/diario-721x1024.png\" alt=\"\" class=\"wp-image-927\" srcset=\"https:\/\/psicologoscatamarca.com.ar\/psicoweb\/wp-content\/uploads\/2022\/10\/diario-721x1024.png 721w, https:\/\/psicologoscatamarca.com.ar\/psicoweb\/wp-content\/uploads\/2022\/10\/diario-211x300.png 211w, https:\/\/psicologoscatamarca.com.ar\/psicoweb\/wp-content\/uploads\/2022\/10\/diario-768x1090.png 768w, https:\/\/psicologoscatamarca.com.ar\/psicoweb\/wp-content\/uploads\/2022\/10\/diario-1082x1536.png 1082w, https:\/\/psicologoscatamarca.com.ar\/psicoweb\/wp-content\/uploads\/2022\/10\/diario-600x852.png 600w, https:\/\/psicologoscatamarca.com.ar\/psicoweb\/wp-content\/uploads\/2022\/10\/diario.png 1299w\" sizes=\"auto, (max-width: 721px) 100vw, 721px\" \/><\/a><figcaption>Fotos de archivo facilitadas por el Lic. Edgardo Quiroga.<\/figcaption><\/figure>\n<\/div>\n\n\n<p>Para tener una real dimensi\u00f3n de c\u00f3mo nuestra historia local se inserta y tiene sus puntos de contacto con la historia de nuestra profesi\u00f3n en la Rep\u00fablica Argentina, invitamos a los y las colegas a leer el apasionante trabajo de reconstrucci\u00f3n hist\u00f3rica de la Lic. Rosa Falcone que adjuntamos a continuaci\u00f3n.<\/p>\n\n\n\n<p><strong>Historia de una ley<\/strong><\/p>\n\n\n\n<p>El Ejercicio Profesional de la Psicolog\u00eda (Ley 23.277) y sus antecedentes<\/p>\n\n\n\n<p>&nbsp;<em>1 &#8211; Hacia la identidad<\/em><\/p>\n\n\n\n<p><em>No fue f\u00e1cil que la Psicolog\u00eda se convierta en una disciplina aut\u00f3noma. Es a Joaqu\u00edn V. Gonz\u00e1lez, que por la \u00e9poca cumpl\u00eda funciones de Ministro de Educaci\u00f3n, a quien debemos la primera inscripci\u00f3n jur\u00eddica de la Psicolog\u00eda, la cual tomaba por entonces la forma de un Decreto, disponiendo sobre la ense\u00f1anza obligatoria de la Psicolog\u00eda Experimental en los \u00e1mbitos de ense\u00f1anza oficial. Este decreto legitima con redacci\u00f3n oficial la costosa instalaci\u00f3n producida en nuestro pa\u00eds tres a\u00f1os antes (1901) y a cargo de Horacio Pi\u00f1ero del primer Laboratorio de Psicolog\u00eda Experimental con materiales y aparatos tra\u00eddos directamente de Alemania por la prestigiosa casa Zimmerman. Hasta el nuevo dispositivo legal que consisti\u00f3 en otro decreto, redactado reci\u00e9n en 1949, pero que da letra oficial a una situaci\u00f3n que se ven\u00eda produciendo hace tiempo, por el cual se deroga la ense\u00f1anza experimental de la Psicolog\u00eda y se anuncia el definitivo cierre de los laboratorios de Psicolog\u00eda Experimental en todo el pa\u00eds, se sucede una serie de fundaciones de suma importancia en la traza de la autonom\u00eda de la Psicolog\u00eda. La primera fue la fundaci\u00f3n de la Sociedad de Psicolog\u00eda a fines de 1908 en Buenos Aires, cuyo primer presidente fue el Dr. Horacio Pi\u00f1ero y en 1911 lo sigue el Dr. Jos\u00e9 Ingenieros. La Sociedad de Psicolog\u00eda ten\u00eda por objeto el cultivo de esta ciencia y la difusi\u00f3n y aplicaci\u00f3n pr\u00e1ctica de sus principios que cont\u00f3 con 4 secciones: Psicolog\u00eda normal, Psicolog\u00eda anormal, Psicolog\u00eda pedag\u00f3gica y Psicolog\u00eda social.<\/em><\/p>\n\n\n\n<p><em>El 24 de noviembre de 1931, Coriolano Alberini y Carmelo M. Bonet firman la ordenanza de creaci\u00f3n del Instituto de Psicolog\u00eda, que explicita en su art\u00edculo primero: que sobre la base del actual Laboratorio de Psicolog\u00eda experimental cr\u00e9ase el Instituto de Psicolog\u00eda de la Facultad de Filosof\u00eda y Letras, que tendr\u00e1 funciones did\u00e1cticas y de investigaci\u00f3n en todas las ramas de la Psicolog\u00eda. Enrique Mouchet, Profesor en Filosof\u00eda y Letras, fue su primer Director marcando el primer ocaso serio a la euforia argentina por los laboratorios. Mouchet realiza una sesi\u00f3n p\u00fablica el 23 de agosto de 1931 en homenaje a Adolfo Ferriere y alude a la Psicolog\u00eda en esa oportunidad con \u00e9stas palabras: \u00abNo se tiene el concepto de una ciencia hecha, sino de una ciencia que se est\u00e1 haciendo que m\u00e1s que un hecho es una aspiraci\u00f3n, un ideal cultural de superaci\u00f3n humana\u00bb.<\/em><\/p>\n\n\n\n<p><em>2 &#8211; Antecedentes de la ley. <\/em><\/p>\n\n\n\n<p><em>El debate de los a\u00f1os&nbsp; 50 consist\u00eda en la clausura de la Psicolog\u00eda filos\u00f3fica y una apertura de la Psicolog\u00eda como disciplina aut\u00f3noma. Se crea por esos a\u00f1os la secci\u00f3n Psicolog\u00eda en la Facultad de Filosof\u00eda y Letras que fue la consecuencia de dicho debate. Se acababa de producir el Primer Congreso Nacional de Filosof\u00eda en Mendoza (1949) que escond\u00eda una discusi\u00f3n profunda acerca de temas psicol\u00f3gicos. Estaba ocurriendo el Primer Congreso de Psicolog\u00eda (marzo de 1954) desarrollado en Tucum\u00e1n, con numerosas ponencias sumamente importantes y pol\u00e9micas, que dejaban un interrogante abierto acerca del lugar y perspectivas de la Psicolog\u00eda. La A.P.A. buscaba alumnos de Psicoan\u00e1lisis en la Facultad de Medicina (los primeros fuera del circuito de la instituci\u00f3n), organizaban ciclos de conferencias sobre Psicoan\u00e1lisis en un enorme anfiteatro de la Facultad de Medicina donde la \u00abgente no cab\u00eda ni parada\u00bb, y paralelamente ten\u00edan la pretensi\u00f3n de incorporar el Psicoan\u00e1lisis dentro de la secci\u00f3n Neurolog\u00eda y Psiquiatr\u00eda de la Asociaci\u00f3n M\u00e9dica, un gesto amistoso que se transformaba en una tentativa de subordinar el Psicoan\u00e1lisis a la Medicina. La creaci\u00f3n de la carrera de Psicolog\u00eda en la UBA (1957) genera un fuerte desaf\u00edo y un gran interrogante. La cl\u00ednica psicol\u00f3gica es el desaf\u00edo de los nuevos profesionales, que disputan territorios y arroja como resultado una predominancia del discurso m\u00e9dico que posee un anclaje a una pr\u00e1ctica concreta, contra la tradici\u00f3n filos\u00f3fica eminentemente te\u00f3rica. El marco legal no hace m\u00e1s que acompa\u00f1ar todo este proceso. A solo dos meses de haberse producido el Congreso de Psicolog\u00eda en Tucum\u00e1n, el 12 de mayo de 1954 se firma la Resoluci\u00f3n 2282, durante el gobierno peronista, com\u00fanmente conocida bajo el nombre de Resoluci\u00f3n Carrillo, que otorgaba las facultad del ejercicio de la Psicoterapia y el Psicoan\u00e1lisis a los profesionales m\u00e9dicos, concretando legislativamente a favor de los m\u00e9dicos en lo concerniente al campo psicol\u00f3gico. El t\u00edtulo de la resoluci\u00f3n era Aprobaci\u00f3n del Reglamento para ejercer la Psicoterapia y el Psicoan\u00e1lisis y dec\u00eda en sus considerandos: Considerando: que la Ley 12.912 de ejercicio de la medicina ha previsto solamente los casos generales; que, por sus caracter\u00edsticas especiales, el ejercicio de algunas especialidades m\u00e9dicas, tanto por los profesionales como por los auxiliares t\u00e9cnicos, requiere aclaraciones para evitar que unos y otros se extralimiten en sus funciones, como ha ocurrido en la pr\u00e1ctica; que, desde este punto de vista, la Psicoterapia en general y el Psicoan\u00e1lisis en particular ofrecen aspectos a\u00fan no reglamentados: que es funci\u00f3n y deber de este Ministerio controlar los aspectos deontol\u00f3gicos y legales del acto m\u00e9dico. Extractos de la Resoluci\u00f3n 2.282: 3 Art. I &#8211; Aprobar el siguiente reglamento para el ejercicio de la Psicoterapia y el Psicoan\u00e1lisis: T\u00edtulo I &#8211; De las personas que pueden ejercer la Psicoterapia y el Psicoan\u00e1lisis. Declarar expresamente que, siendo la psicoterapia un procedimiento terap\u00e9utico total o predominantemente sugestivo, su ejercicio est\u00e1 comprendido dentro de lo previsto por el Art. 2 de la Ley 12.912, en la parte que se refiere al ejercicio de la medicina. Art. 2- Por lo tanto, s\u00f3lo podr\u00e1n ejercerla por s\u00ed, integran y directamente, las personas que est\u00e9n comprendidas en el Art. 4 de la citada ley.<\/em> <em>Art. 3 &#8211; Los auxiliares t\u00e9cnicos biotip\u00f3logos, visitadores sociales, auxiliares de higiene mental o social o asistentes sociales, diplomados por este Ministerio o Universidad nacional, podr\u00e1n colaborar con los m\u00e9dicos o autoridades competentes, en su consultorio o en establecimientos oficiales o privados tales como cl\u00ednicas, sanatorios, escuelas para ni\u00f1os anormales, cl\u00ednicas de conducta y otros similares. Art. 8 &#8211; Los t\u00edtulos o certificados extendidos por sociedades psicol\u00f3gicas o psicoanal\u00edticas, centros docentes o instituciones cient\u00edficas particulares, solo tendr\u00e1n validez honor\u00edfica y en ning\u00fan caso habilitar\u00e1n para el ejercicio de las respectivas especialidades. Ley 17132: Ejercicio de la medicina, odontolog\u00eda y actividades de colaboraci\u00f3n (B.O. 31\/1\/67). Esta ley fue sancionada en 1967, por el gobierno de facto del General Juan Carlos Ongan\u00eda, para el ejercicio profesional en todo el territorio de la Capital Federal, Tierra del Fuego e Islas del Atl\u00e1ntico Sur. Estuvo en vigencia hasta la sanci\u00f3n de la ley 23.277 en 1985, limitando el ejercicio de la Psicolog\u00eda a la categor\u00eda de \u00abauxiliares de la medicina\u00bb, a pesar de tratarse de una carrera mayor en el \u00e1mbito acad\u00e9mico. No asistimos m\u00e1s que a las distorsiones y emplazamientos de una disciplina reci\u00e9n creada, que no dejaba claro de cara a la comunidad ni la especificidad de su curr\u00edcula, ni el perfil de su graduado. Esta ley coloca el ejercicio de la Psicolog\u00eda junto a la Odontolog\u00eda como actividades de colaboraci\u00f3n y reglamenta sobre las siguientes actividades: terapistas ocupaciones, auxiliares de radiolog\u00eda, kinesi\u00f3logos, mec\u00e1nicos para dentistas, dietistas, auxiliares de anestesia, auxiliares de Psiquiatr\u00eda, t\u00e9cnicos en calzado ortop\u00e9dico, etc. En el cap\u00edtulo X de la citada ley que hace referencia a los auxiliares de siquiatr\u00eda hay un art\u00edculo, el 91 espec\u00edficamente dedicado a los sic\u00f3logos: Extractos: Capitulo X &#8211; De los auxiliares de siquiatr\u00eda. 4 Art. 87 &#8211; Se entiende como ejercicio auxiliar de la siquiatr\u00eda la obtenci\u00f3n de <\/em>tests<em> mentales y la recopilaci\u00f3n de antecedentes y datos ambientales de los pacientes. Art. 88 &#8211; Podr\u00e1n ejercer la actividad a que se refiere el art\u00edculo precedente los que posean el t\u00edtulo de auxiliar de siquiatr\u00eda, acorde con lo dispuesto en el art. 44, en las condiciones que se reglamenten. Art. 89 &#8211; Los que ejerzan como auxiliares de siquiatr\u00eda podr\u00e1n actuar \u00fanicamente por indicaci\u00f3n y bajo control de m\u00e9dico especialista habilitado y dentro de los l\u00edmites de su autorizaci\u00f3n.<\/em> <em>Art. 90 &#8211; Los auxiliares de siquiatr\u00eda podr\u00e1n ejercer su actividad exclusivamente en establecimientos oficiales o privados y como personal auxiliar de m\u00e9dico especialista habilitado. Art. 91 &#8211; Los sic\u00f3logos podr\u00e1n actuar: a) En sicopatolog\u00eda \u00fanicamente como colaboradores del m\u00e9dico especializado en siquiatr\u00eda, por su indicaci\u00f3n y bajo su supervisi\u00f3n, control y con las responsabilidades emergentes de los art. 3, 4 y 19 inc. 9, debiendo limitar su actuaci\u00f3n a la obtenci\u00f3n de<\/em>&nbsp;tests<em> sicol\u00f3gicos y a la colaboraci\u00f3n en tareas de investigaci\u00f3n. b) En medicina de recuperaci\u00f3n o rehabilitaci\u00f3n como colaboradores del m\u00e9dico especializado y con las mismas limitaciones del inciso precedente. Para actuar en tal car\u00e1cter deber\u00e1n solicitar autorizaci\u00f3n previa a la Secretar\u00eda de Estado de Salud P\u00fablica y cumplir los requisitos que la misma establezca. Les est\u00e1 prohibida toda actividad con personas enfermas fuera de lo expresamente autorizado en los p\u00e1rrafos precedentes, asimismo como la pr\u00e1ctica del sicoan\u00e1lisis y la autorizaci\u00f3n de sicodrogas.<\/em><\/p>\n\n\n\n<p><em>M\u00e1s de lo mismo<\/em><\/p>\n\n\n\n<p><em>En el mes de septiembre de 1980, el Ministerio de Cultura y Educaci\u00f3n hace p\u00fablico su intento de restringir el alcance del t\u00edtulo otorgado por las Universidades a los psic\u00f3logos. La resoluci\u00f3n se basa en el art\u00edculo 61 de la ley 22.207, que encomienda al Ministerio de Cultura y Educaci\u00f3n la reglamentaci\u00f3n de las incumbencias pertinentes a los t\u00edtulos profesionales otorgados por las Universidades Nacionales. Dicha resoluci\u00f3n del tristemente c\u00e9lebre Ministro de Educaci\u00f3n y Justicia de la Naci\u00f3n de aquel Gobierno de facto, Llerena Amadeo, en el apartado correspondiente a Psic\u00f3logos y Licenciados en Psicolog\u00eda \u2013que al menos ya admite la escritura de la P- dice: \u00abEn el \u00e1rea de medicina y sin perjuicio de sus competencias en otras \u00e1reas les incumbe la obtenci\u00f3n de test psicol\u00f3gicos y la colaboraci\u00f3n en tareas de investigaci\u00f3n psicol\u00f3gica \u00fanicamente por indicaci\u00f3n y bajo supervisi\u00f3n y contralor del m\u00e9dico especializado en Psiquiatr\u00eda. Adem\u00e1s, en medicina de recuperaci\u00f3n o rehabilitaci\u00f3n, pueden actuar como colaboradores del m\u00e9dico especializado y con las limitaciones que indica el p\u00e1rrafo 5 anterior. No les incumbe la pr\u00e1ctica del psicoan\u00e1lisis, de la psicoterapia, ni la prescripci\u00f3n de drogas psicotr\u00f3picas\u00bb. Bajo el n\u00famero 1560\/80 fue conocida como las incumbencias de <strong>los \u00abtres no\u00bb,<\/strong> ya que especificaba que al Psicoan\u00e1lisis \u00abno le incumben la pr\u00e1ctica de la Psicoterapia, el Psicoan\u00e1lisis, ni prescribir drogas psicotr\u00f3picas. Esta resoluci\u00f3n considera la Psicolog\u00eda como un saber \u00fanicamente descriptivo de los fen\u00f3menos psicol\u00f3gicos, desconociendo que opera y ha operado concretamente en diferentes \u00e1mbitos. La labor realizada por los psic\u00f3logos y aprobada por la sociedad, hace que \u00e9sta resoluci\u00f3n se convierta en atentatoria al derecho de salud de la poblaci\u00f3n, argumentar\u00e1 la Asociaci\u00f3n de Psic\u00f3logos. \u00abLa Psicolog\u00eda es una ciencia aut\u00f3noma que se ocupa del comportamiento humano, y los psic\u00f3logos somos los profesionales espec\u00edficamente capacitados para intervenir en las perturbaciones de dicho comportamiento, sin perjuicio de la tarea asistencial que llevan a cabo los m\u00e9dicos&#8230;\u00bb (Transcripci\u00f3n del Comunicado de la Asociaci\u00f3n de Psic\u00f3logos de Buenos Aires, publicado en la Gaceta Psicol\u00f3gica. La pol\u00e9mica y el rechazo que la medida mereci\u00f3 se hizo evidente en la prensa del momento, as\u00ed como tambi\u00e9n la declaraci\u00f3n de la Confederaci\u00f3n General de Profesionales, dirigida al Sr. Presidente Teniente General Jorge Rafael Videla y firmada por su presidente Dr. Oscar Ciaccaglia, pidiendo la suspensi\u00f3n de la Resoluci\u00f3n Ministerial: \u00abEn cuanto a las incumbencias estipuladas para los licenciados en Psicolog\u00eda y Psic\u00f3logos, restringen el ejercicio pleno de la misma, en relaci\u00f3n con la ense\u00f1anza acad\u00e9mica recibida y con la pr\u00e1ctica profesional desarrollada desde hace m\u00e1s de dos d\u00e9cadas por los mismos&#8230;\u00bb. San Miguel de Tucum\u00e1n, 13 de septiembre de 1980.<\/em><\/p>\n\n\n\n<p><em>La Resoluci\u00f3n del Ministerio toma casi textualmente el art\u00edculo de la ley 17.132, que se encontraba ya en revisi\u00f3n, puesto que el 24 de julio de 1980, la Asociaci\u00f3n de Psic\u00f3logos de Buenos Aires (APBA) hab\u00eda sido citada por la Secretar\u00eda de Medicina Social y Fiscalizaci\u00f3n Sanitaria, dependiente de la Secretar\u00eda de Salud P\u00fablica del Ministerio de Bienestar Social de la Naci\u00f3n, para ser notificada sobre la intenci\u00f3n de modificar la Ley 17.132. En dicha oportunidad la APBA hab\u00eda elevado su opini\u00f3n al respecto, considerando pertinente y necesaria la reforma de la Ley y entendiendo que \u00abdebe reglamentarse en el nivel correspondiente a las carreras mayores, reconociendo su importancia y especificidad a partir de un tratamiento acorde que exprese la jerarqu\u00eda que curricular y profesionalmente posee el t\u00edtulo de Psic\u00f3logo\u00bb. La gesti\u00f3n desplegada por FePRA y las entidades de base desde entonces, la pr\u00e1ctica cotidiana de nuestros colegas en los distintos \u00e1mbitos del ejercicio profesional, y el respaldo decidido de la comunidad, llevaron meses m\u00e1s tarde, en diciembre de 1980, a que el Consejo de Rectores de las Universidades Nacionales (CRUN) dictara la resoluci\u00f3n 2350\/80 que modificaba parcialmente la resoluci\u00f3n ministerial anterior, al reconocer adecuadamente las incumbencias del Psic\u00f3logo en el campo educacional, laboral y jur\u00eddico. No hubo descanso en \u00e9sta reivindicaci\u00f3n profesional. Ya instalado el Gobierno Constitucional, FePRA plante\u00f3 al Director de Asuntos Universitarios del Ministerio, Hugo Storani, la necesidad de derogar inmediatamente las incumbencias del a\u00f1o 1980.1 La APBA contin\u00faa la lucha por la Ley justa para los Psic\u00f3logos bajo el lema \u00abHacer legal lo que es leg\u00edtimo\u00bb. La ley se vuelve el tema central alrededor de 1982. El punto m\u00e1ximo de la lucha lo da la gran manifestaci\u00f3n del 8 de julio de 1983, cuando m\u00e1s de 4.000 personas demandaron por un ordenamiento legal al gobierno.<\/em><\/p>\n\n\n\n<p><em>3 &#8211; Ley 23.277 del Ejercicio Profesional de la Psicolog\u00eda.<\/em><\/p>\n\n\n\n<p><em>En 1985 se produjeron tres hechos de decisiva trascendencia profesional: Se promulg\u00f3 la ley 23.277, que reconoce y habilita la pr\u00e1ctica psicol\u00f3gica.&nbsp; Se elev\u00f3 a rango de Facultad la carrera de Psicolog\u00eda de la UBA. Se aprobaron las incumbencias del T\u00edtulo de Licenciado en Psicolog\u00eda, incluyendo todas las \u00e1reas para las que est\u00e1 capacitado el egresado. El jueves 12 de septiembre de 1985, la Ley del Ejercicio Profesional de la Psicolog\u00eda obtiene la media sanci\u00f3n en la C\u00e1mara de Diputados y obtuvo su sanci\u00f3n definitiva el 27 de setiembre de 1985, bajo el n\u00famero 23.277. Fue promulgada de hecho el 6 de noviembre de 1985 y publicada en el Bolet\u00edn Oficial n\u00famero 25.806, con fecha 11 de noviembre de 1985.<\/em><\/p>\n\n\n\n<p><strong><em>Comentarios y reflexiones finales<\/em><\/strong><\/p>\n\n\n\n<p><em>Una norma jur\u00eddica ofrece en el marco de una discusi\u00f3n hist\u00f3rica la posibilidad de constituirse en un punto fijo, huellas firmes que dejan entrever un entorno y organizan una trama que opera como dilucidadora en la reconstrucci\u00f3n de la historia. La identidad profesional funciona aunque no sea f\u00e1cil demostrarlo, como una letra tallada por la experiencia vivida y la experiencia transmitida que conforman entre el ayer y el hoy un proceso hist\u00f3rico concreto.<\/em><\/p>\n\n\n\n<p><em>El Decreto de Joaqu\u00edn V. Gonz\u00e1lez, de 1904, constituye una primera marca que da cuenta, no tan solo de la tempran\u00edsima presencia de la disciplina psicol\u00f3gica en los \u00e1mbitos acad\u00e9micos, sino de un contexto que denota la proximidad de la Psicolog\u00eda con el discurso cient\u00edfico llegado de Europa, tal como lo demuestra el enorme auge de la investigaci\u00f3n experimental en nuestro pa\u00eds en toda la primera parte de este siglo. Tanto Ribot como Wundt transmit\u00edan muy bien desde Alemania y Francia un modelo de identificaci\u00f3n. La divulgaci\u00f3n de una metodolog\u00eda propia para los estudios psicol\u00f3gicos y la b\u00fasqueda activa de una fundamentaci\u00f3n cient\u00edfica (que transcendi\u00f3 fronteras) fue trazando para la Psicolog\u00eda el camino del hallazgo de su preciada autonom\u00eda.<\/em><\/p>\n\n\n\n<p><em>La Psicolog\u00eda inicia una larga historia buscando ganar terreno propio entre las proposiciones tradicionales de las Ciencias Naturales y las Ciencias del Esp\u00edritu, inquietud expresada en estos t\u00e9rminos en los primeros escritos del mism\u00edsimo Sigmund Freud, (Psicoan\u00e1lisis y Medicina). La fundaci\u00f3n de la Sociedad de Psicolog\u00eda (1908) y del Instituto de Psicolog\u00eda (1931) son un paso m\u00e1s en la marcha por acentuar la diferenciaci\u00f3n de la Psicolog\u00eda como \u00e1mbito propio. La consulta de los documentos de la \u00e9poca se\u00f1ala como objetivo del Instituto estrechar v\u00ednculos, realizar investigaciones cient\u00edficas, crear un ambiente m\u00e1s propicio para el cultivo de la Psicolog\u00eda, promover la reuni\u00f3n de congresos cient\u00edficos de la especialidad y organizar actos p\u00fablicos de difusi\u00f3n de los nuevos conocimientos. El Instituto organizaba una importante publicaci\u00f3n peri\u00f3dica llamada los Anales del Instituto de Psicolog\u00eda con la intenci\u00f3n de constituirse en el primer \u00f3rgano especializado para todos los Psic\u00f3logos de Am\u00e9rica Latina. Fue la primera revista de esta envergadura que colabor\u00f3 a la unidad intelectual de pa\u00edses latinoamericanos.<\/em><\/p>\n\n\n\n<p><em>Las aspiraciones, los deseos, el marco legal, el dato, entrelazan el pasado m\u00e1s remoto con la historia reciente.<\/em><\/p>\n\n\n\n<p><em>Despu\u00e9s de una larga dependencia te\u00f3rica e intelectual respecto de Filosof\u00eda y Letras, sobreviene en el a\u00f1o 1957, la creaci\u00f3n de la carrera de Psicolog\u00eda como carrera independiente en el \u00e1mbito de la Universidad de Buenos Aires, en un ambiente acad\u00e9mico fuertemente cargado de repercusiones ideol\u00f3gicas y pol\u00edticas que coinciden con el movimiento por la restauraci\u00f3n de la Autonom\u00eda Universitaria. La Psicolog\u00eda inocentemente dedicada durante d\u00e9cadas al perfeccionamiento de los instrumentos de medici\u00f3n, se abre a un nuevo desaf\u00edo con la creaci\u00f3n de la carrera. Son abundantes las ponencias del Primer Congreso de Psicolog\u00eda de Tucum\u00e1n, que resum\u00edan el trabajo que la Psicolog\u00eda hab\u00eda dedicado al campo de la Psicotecnia, la medici\u00f3n de capacidades mentales, estandarizaci\u00f3n de <\/em>tests<em>, en fin, a su especialidad diagn\u00f3stica<\/em><\/p>\n\n\n\n<p><em>La creaci\u00f3n de la carrera con independencia en el campo acad\u00e9mico, lanza al mercado laboral una nueva generaci\u00f3n de profesionales que tienen que v\u00e9rselas con la cl\u00ednica. La nueva disciplina disputa territorios, abre nuevos campos y otros interrogantes; es all\u00ed donde se hace dif\u00edcil la disputa al predominio del discurso m\u00e9dico, que indudablemente ven\u00eda gozando de una larga tradici\u00f3n en la pr\u00e1ctica concreta. La Resoluci\u00f3n Ministerial 2.282 ratifica el liderazgo m\u00e9dico en el campo de la Psicoterapia y el Psicoan\u00e1lisis (el campo de la cl\u00ednica). Esta resoluci\u00f3n tuvo f\u00e9rrea vigencia hasta el a\u00f1o 1967, obligando a notables dentro de la APA (ejemplo Marie Langer) a revalidar su t\u00edtulo de M\u00e9dico otorgado por la Universidad espa\u00f1ola para practicar el Psicoan\u00e1lisis. La APA desarrolla una fuerte pol\u00edtica de expansi\u00f3n y difusi\u00f3n p\u00fablica. Propon\u00edan actividades emparentadas con el Psicoan\u00e1lisis pero diferentes de este, organizaban a trav\u00e9s del Centro Promotor mesas redondas, cursos anuales y conferencias dirigidos a estudiantes de Medicina. La APA busca alumnos de psicoan\u00e1lisis en Medicina, obedeciendo por un lado la Resoluci\u00f3n pero por otro dejando bien a las claras cu\u00e1l era su posici\u00f3n.<\/em><\/p>\n\n\n\n<p><em>El nacimiento de la Psicolog\u00eda como carrera independiente se inscribe en un nuevo proyecto que colabora en la producci\u00f3n del primer dise\u00f1o de la carrera y en la formaci\u00f3n de los primeros profesionales. El momento hist\u00f3rico impon\u00eda un cambio de padrinazgo intelectual, las explicaciones fenomenol\u00f3gicas y existencialistas europeas de posguerra estaban declinando. Ya no m\u00e1s \u00abrama\u00bb de la Filosof\u00eda. El marxismo arremeti\u00f3 con renovados br\u00edos contra filosof\u00edas en las que prevalec\u00edan los intereses te\u00f3ricos por sobre la transformaci\u00f3n de la realidad social. Se hace cargo de la carrera prontamente un equipo docente con orientaci\u00f3n pragm\u00e1tica (por decirlo de alg\u00fan modo) y lo suficientemente alejado de cuestiones especulativas o contemplativas. Ese equipo docente en su mayor\u00eda estaba constituido por miembros (todos m\u00e9dicos) pertenecientes a la Asociaci\u00f3n Psicoanal\u00edtica Argentina (APA) que por esa \u00e9poca se hallaban m\u00e1s que preocupados por dar respuestas a una pr\u00e1ctica eficaz, nutri\u00e9ndose del Kleinismo de los &#8217;50 con asiento en teor\u00edas socializantes y culturalistas con fuerte sesgo reformista.<\/em><\/p>\n\n\n\n<p><em>Si intent\u00e1ramos precisarlo definir\u00edamos a este Psicoan\u00e1lisis argentino como dando entrada a un conductismo maduro, <\/em>aggiornado<em> con la lectura de los franceses y de un Lewin ya instalado en EE.UU. Se instala un juego te\u00f3rico e intelectual que habilita la relectura del Psicoan\u00e1lisis desde el materialismo dial\u00e9ctico franc\u00e9s (Politzer y Laplanche) con el esp\u00edritu integrador de Daniel Lagache. Los profesionales nativos inician el proceso de dinamizaci\u00f3n de la disciplina psicol\u00f3gica con la inclusi\u00f3n de distintos aportes te\u00f3ricos y una b\u00fasqueda de integraci\u00f3n del Psicoan\u00e1lisis a la condicionante realidad. La oposici\u00f3n individuo-sociedad es correlativa con la intenci\u00f3n de lograr una s\u00edntesis en la que el individuo logra realizarse. La posici\u00f3n pesimista de la creencia en conflictos interpretados por Freud como internos, logra una mejor adecuaci\u00f3n en la explicaci\u00f3n de que el ambiente represivo y hostil es la causa de la progresiva neurotizaci\u00f3n de los sujetos.<\/em><\/p>\n\n\n\n<p><em>Se ingresa en la d\u00e9cada del &#8217;60 con una clara intenci\u00f3n de que los profesionales Psic\u00f3logos sean especializados como \u00abagentes de cambio\u00bb. Por esta \u00e9poca en la Facultad de Filosof\u00eda y Letras, Enrique Butelman reemplaza al primer Director del Departamento de Psicolog\u00eda Marcos Victoria. Butelman hab\u00eda sido Profesor de Psicolog\u00eda Social en el Departamento de Sociolog\u00eda, y hab\u00eda fundado con Jaime Bernstein la Editorial Paid\u00f3s, en 1945. Con su apoyo contratan (de la mano del Rector Risieri Frondizi) a profesores de reconocida vocaci\u00f3n psicoanal\u00edtica como lo fue Jos\u00e9 Bleger, que condensaba al mismo tiempo dos caracter\u00edsticas que hac\u00edan imprescindible su presencia en la Universidad: su vocaci\u00f3n Psicoanal\u00edtica y su posici\u00f3n pol\u00edtica progresista, lo que inclu\u00eda indudablemente su inclinaci\u00f3n hacia lo social. Siguiendo el camino de Bleger se incorporan a la Universidad provenientes de la APA Fernando Ulloa, David Liberman, Arminda Aberastury, Edgardo Rolla, Le\u00f3n Ostrov, Joel Zac, Isabel de Lamana, Mauricio Abadi, etc. Conformaban una subcultura que denotaba una cohesi\u00f3n grupal, producto de una fuerte identificaci\u00f3n al Psicoan\u00e1lisis como movimiento social, como causa ideol\u00f3gica y de transformaci\u00f3n del individuo y la sociedad. El porvenir pertenec\u00eda a los Psic\u00f3logos abiertos al mundo, m\u00e1s all\u00e1 del encierro de los consultorios privados dec\u00eda Marie Langer<\/em>.<\/p>\n\n\n\n<p><em>La creaci\u00f3n en 1965 de la c\u00e1tedra de Higiene Mental en la carrera de Psicolog\u00eda es un jal\u00f3n m\u00e1s en esta historia. Bleger, como propiciador de esta nueva perspectiva para la Psicolog\u00eda, sostiene que el diagn\u00f3stico precoz de las enfermedades mentales que incumbe en \u00faltima instancia a los Psiquiatras, facilita el objetivo \u00faltimo de la higiene mental y la promoci\u00f3n de salud en la poblaci\u00f3n, tarea que destina claramente a los Psic\u00f3logos. El campo de incumbencias profesionales para el Psic\u00f3logo quedaba por fuera del \u00e1mbito asistencial y encomendado a la atenci\u00f3n de las crisis vitales. Todo este movimiento queda liquidado con el golpe de Ongan\u00eda en 1966.<\/em><\/p>\n\n\n\n<p><em>Ese mismo a\u00f1o nuestra Facultad de Psicolog\u00eda permanece cerrada por un a\u00f1o; el amanecer de la noche de los bastones largos nos despierta con una nueva Ley y un nuevo Plan de Estudios. Se trata de la Ley 17.132. La misma reglamenta la actividad de los Psic\u00f3logos junto a otros 11 auxiliares de la medicina. Por ser una ley de un Gobierno de facto ataca fundamentalmente el ideal social de los Psic\u00f3logos de la generaci\u00f3n de los &#8217;60, y da\u00f1a gravemente la legitimaci\u00f3n de nuestra profesi\u00f3n. Seguir\u00e1n a estos acontecimientos largos a\u00f1os de silencio y de lucha a la espera de la sanci\u00f3n de la tan ansiada ley 23.277 de 1985, conjuntamente con el regreso a la democracia.<\/em><\/p>\n\n\n\n<p><em>Relevamiento Prof. Rosa Falcone<\/em><\/p>\n\n\n\n<p><em>Fuentes: Diario Clar\u00edn, 11 de septiembre de 1980, 23 de noviembre de 1985, y 16 de noviembre de 1985.<\/em><\/p>\n\n\n\n<p><em>Gaceta Psicol\u00f3gica, Publicaci\u00f3n de la A.P.B.A., n\u00famero 29, de septiembre de 1980; n\u00famero 61, de agosto-setiembre de 1984; y n\u00famero 67, de agosto-septiembre de 1985.<\/em><\/p>\n\n\n\n<p><em>Material aportado por la Lic. Alicia Peloroso. Ordenanza de creaci\u00f3n de Institutos del Rectorado de la UBA. Archivo del Congreso.<\/em><\/p>\n\n\n\n<p><em>Texto de las Leyes y Resoluciones. Ministerio de Salud.<\/em><\/p>\n\n\n\n<p><strong>Los 90<\/strong><\/p>\n\n\n\n<p>El Colegio de Psic\u00f3logos hab\u00eda crecido y se hab\u00eda diversificado bastante. Hasta mediados del a\u00f1o 1993 su funcionamiento se desarrollaba en una oficina peque\u00f1a ubicada en la antigua Galer\u00eda Catamarca, frente a la plaza 25 de Mayo, sobre calle Rivadavia. Ya&nbsp; se hab\u00eda pasado una larga temporada de reuniones en el Servicio de Psicolog\u00eda del Hospital de Ni\u00f1os, en el C\u00edrculo M\u00e9dico y en el C\u00edrculo Odontol\u00f3gico, locaciones cedidas generosamente.<\/p>\n\n\n\n<p>La gesti\u00f3n del Consejo Directivo que asumi\u00f3 en abril de 1993 se&nbsp; aboc\u00f3 a la tarea urgente de conseguir una casa en alquiler.&nbsp; La Lic.Lucrecia Loza (vocal del Consejo Directivo) hizo un hallazgo interesante: una casita vieja pero amplia y muy accesible econ\u00f3micamente, en pleno centro: Mota Botello 323. Seis habitaciones, dos patios, cocina y ba\u00f1o que, equipados y amoblados, permitieron disponer no solo de una secretar\u00eda, sino tambi\u00e9n un espacio para clases, una biblioteca, un bar, un consultorio gratuito y un dormitorio para alojar a colegas del interior. Una mirada social y solidaria para aliviar la pesada atm\u00f3sfera eficientista de los 90.<\/p>\n\n\n\n<p><strong>_______________________________________________________________________________________<\/strong><\/p>\n\n\n\n<p>La Lic. Mirian Iozzo envi\u00f3 esta nota con sus recuerdos de aquella \u00e9poca como aporte para este trabajo, recordando su incorporaci\u00f3n al Colegio en los a\u00f1os 90. (Lamentablemente esta querida colega falleci\u00f3 en el 2021).<\/p>\n\n\n\n<p><em>Recuerdos de mi inclusi\u00f3n en el Colegio de Psic\u00f3logos de Catamarca.<\/em><\/p>\n\n\n\n<p><em>Por Miriam Viviana Iozzo<\/em><\/p>\n\n\n\n<p><em>Llegu\u00e9 a la Provincia en agosto del a\u00f1o 1990. Hab\u00eda le\u00eddo los nombres de las colegas: Lic Carmen \u00c1valos, Nelly Segura, Eleonora Dalla Lasta, en un<\/em> abstract<em> de un Congreso que se hab\u00eda desarrollado, creo que ese mismo a\u00f1o, en Bs. As. El trabajo era&nbsp; sobre&nbsp; la desnutrici\u00f3n infantil y el rol de las madres frente a esta problem\u00e1tica.<\/em><\/p>\n\n\n\n<p><em>A partir de all\u00ed tom\u00e9 contacto con ellas en el Hospital de Ni\u00f1os, creo que fue Mabel Manzi quien me recibi\u00f3 y me invit\u00f3 a participar en las reuniones que realizaban semanalmente, y de las que tuve el gusto de integrar en varias oportunidades, en las que pod\u00eda viajar. Este grupo de colegas fue el que me aloj\u00f3 en la profesi\u00f3n, en la provincia, en el Colegio.<\/em><\/p>\n\n\n\n<p><em>Mi residencia era en la localidad de Saujil, cercana a Sij\u00e1n, de donde proven\u00eda Mirta Losso, con quien luego formamos una amistad personal y familiar, frecuent\u00e1ndonos mucho tiempo, probablemente hasta que nuestros hijos se trasladaron a C\u00f3rdoba a estudiar. Tambi\u00e9n compartimos la formaci\u00f3n en la Maestr\u00eda en Psicolog\u00eda Preventiva, en sede de la UNCA. All\u00ed tambi\u00e9n forj\u00e9 otra profunda amistad con Mar\u00eda Karina Cuello, la que tambi\u00e9n se extendi\u00f3 a las familias.<\/em><\/p>\n\n\n\n<p><em>En la sede del Colegio de la calle Mota Botello, recib\u00ed mi matr\u00edcula provincial. Hab\u00eda renunciado a la matr\u00edcula de la provincia de Bs. As., dado que mi residencia anterior era en La Plata. Hab\u00eda participado en los a\u00f1os 1982 y 1983 de las luchas por la Ley de Ejercicio Profesional, que finalmente obtuvimos.<\/em><\/p>\n\n\n\n<p><em>En dicha sede particip\u00e9 de Asambleas, cursos de capacitaci\u00f3n, como el de Introducci\u00f3n a Lacan, que dict\u00f3 la Lic. Graciela Nieto, de Tucum\u00e1n, y tambi\u00e9n de varios festejos de agasajo de nuestro d\u00eda, el 13 de octubre. Divertidas reuniones que contaban con el humor de algunos colegas, entre los que se destacaba Mirta y tambi\u00e9n la m\u00fasica de Edgardo Quiroga y su grupo.<\/em><\/p>\n\n\n\n<p><em>Fui acogida en ese lugar desde lo profesional y tambi\u00e9n desde lo personal, dado que en algunos momentos que supe viajar y deb\u00eda permanecer en la ciudad de San Fernando, m\u00e1s de un d\u00eda, a trav\u00e9s de la Comisi\u00f3n Directiva de ese momento se me brindaba la posibilidad de hospedarme en la sede del Colegio, en una habitaci\u00f3n que estaba acondicionada para ese fin.<\/em><\/p>\n\n\n\n<p><em> Por todo esto, el Colegio con sede en Mota Botello significa para m\u00ed un c\u00famulo de experiencias profesionales y personales, de inclusi\u00f3n, intercambio, aprendizaje, amistad, contenciones imprescindibles, para lo que fue mi devenir profesional y personal, en la provincia.<\/em><\/p>\n\n\n\n<p><strong>_______________________________________________________________________________________<\/strong><\/p>\n\n\n\n<p>Durante esta d\u00e9cada nuestro pa\u00eds entr\u00f3 en la vor\u00e1gine transformadora que el menemismo impuls\u00f3 para llevar adelante las \u201cReformas Estructurales\u201d que consideraba necesarias para salir de la crisis provocada por el mercado a fines de 1989. Esta crisis hab\u00eda terminado con el gobierno democr\u00e1tico del Dr. Alfons\u00edn.<\/p>\n\n\n\n<p>Autogesti\u00f3n hospitalaria, descentralizaci\u00f3n, desregulaci\u00f3n&nbsp; empezaron a ser palabras que resonaban en nuestros \u00e1mbitos de trabajo. La modernizaci\u00f3n, la eficiencia, la eficacia y la competitividad, un imperativo de la \u00e9poca. Por supuesto, tanto el miedo como la resistencia y la movilizaci\u00f3n fueron&nbsp; la respuesta en nuestros \u00e1mbitos de trabajo especialmente en los sectores de salud y educaci\u00f3n. La&nbsp; descentralizaci\u00f3n del sistema educativo dejaba en manos de las provincias y municipios la gesti\u00f3n de la educaci\u00f3n p\u00fablica con presupuestos recortados.<\/p>\n\n\n\n<p>Se produjeron sucesivas reformas de las Obras Sociales basadas en las recomendaciones de lo que se conoci\u00f3 como el \u201cConsenso de Washington\u201d. Tambi\u00e9n nos familiarizamos con el concepto de precarizaci\u00f3n. El Sistema de la Seguridad Social fue el m\u00e1s afectado. A la par del sistema estatal de jubilaciones, se cre\u00f3 un sistema paralelo de jubilaci\u00f3n privada: las AFJP.&nbsp; El Estado dejaba de lado su rol planificador y organizador y eso tuvo efectos en la vida cotidiana, personal y profesional.<\/p>\n\n\n\n<p>&nbsp;As\u00ed fue el escenario de los 90. En el a\u00f1o 1995 numerosas colegas optaron por una jubilaci\u00f3n prematura propuesta por el estado provincial.<\/p>\n\n\n\n<p><strong>_______________________________________________________________________________________<\/strong><\/p>\n\n\n\n<p><em>Decreto 328\/95<\/em><\/p>\n\n\n\n<p><em>Que por el Pacto Federal para el Empleo, la Producci\u00f3n y el Crecimiento celebrado entre el Estado Nacional y los Estados Provinciales de fecha 12 de agosto de 1993, en su Punto 6 del Cap\u00edtulo Segundo de la declaraci\u00f3n, el Estado Nacional conviene en aceptar la transferencia de las Cajas de Jubilaciones Provinciales al SISTEMA INTEGRADO DE JUBILACIONES Y PENSIONES (SIJP).<\/em><\/p>\n\n\n\n<p><strong>_______________________________________________________________________________________<\/strong><\/p>\n\n\n\n<p>Como consecuencia de todas estas pol\u00edticas, el&nbsp; personaje que tom\u00f3 relevancia en el funcionamiento diario de nuestro Colegio y del resto de la sociedad&nbsp; fue el Contador P\u00fablico Nacional. Se dec\u00eda que eran el costo argentino; a partir de aqu\u00ed nadie pudo funcionar sin uno de ellos o de ellas. Cambiaban los registros, las disposiciones y resoluciones, las exigencias contables, asuntos con los que nadie estaba familiarizado.<\/p>\n\n\n\n<p>Las reuniones de FE.DE.P.U.CA. (Federaci\u00f3n de Profesionales Universitarios de Catamarca) eran el \u00e1mbito de discusi\u00f3n y actualizaci\u00f3n de estas pol\u00edticas y sus efectos&nbsp; y se realizaban, sin excepci\u00f3n, en el Consejo Profesional de Ciencias Econ\u00f3micas. Asist\u00edamos con nuestra representaci\u00f3n a esas reuniones tratando de entender tantos cambios. Los Colegios profesionales pasamos a ser informantes de la DGI.<\/p>\n\n\n\n<p>Un tema central a principio de los 90 era el proyecto oficial de reforma de las Obras Sociales, muy controvertido. Por supuesto, las empresas de medicina pre-paga adhirieron al proyecto oficial. El Colegio firm\u00f3 contrato con la pre-paga OSDE.<\/p>\n\n\n\n<p>Por toda esa necesidad de ordenamiento administrativo, en el 93 compramos la primera computadora y supimos lo que era entrar en esa revoluci\u00f3n tecnol\u00f3gica.&nbsp; Encenderla, saber ubicar el cursor, el&nbsp; sistema operativo o manejar la impresora fueron enormes desaf\u00edos. Hoy parece incre\u00edble y lejano, pero tener delante un dispositivo que pensaba solo y r\u00e1pido era algo que nos interpelaba y angustiaba.<\/p>\n\n\n\n<p><strong>El nuevo siglo<\/strong><\/p>\n\n\n\n<p>La historia m\u00e1s reciente y vigente en la memoria de los argentinos es la crisis pol\u00edtica, econ\u00f3mica y social que en el pa\u00eds puso todo patas para arriba en el a\u00f1o 2001, apenas iniciado el nuevo siglo.&nbsp;&nbsp;&nbsp;<\/p>\n\n\n\n<p>En Catamarca, donde la mayor parte de la poblaci\u00f3n depende de la administraci\u00f3n p\u00fablica, la crisis se hizo sentir en forma atenuada si se la compara con lo sucedido en grandes centros urbanos; aun&nbsp; as\u00ed se conoci\u00f3 la rebaja en los salarios y las proto-monedas en los bolsillos. Carteras, m\u00e1s que virtuales, inexistentes.<\/p>\n\n\n\n<p>La imprudencia, la impericia y la irresponsabilidad se encargaron de acercarnos a una tragedia humana evitable que fue el accidente de la cuesta del Totoral en septiembre de 2002, considerado el mayor siniestro vial en \u00f3mnibus de pasajeros de la Argentina, hasta ese momento. Trist\u00edsima experiencia que convoc\u00f3 por primera vez en nuestro medio a colegas que se desempe\u00f1aban en el \u00e1rea de la salud&nbsp; y acci\u00f3n social&nbsp; para la contenci\u00f3n emocional de las v\u00edctimas.<\/p>\n\n\n\n<p>En el sector de Emergencias del Hospital Interzonal San Juan Bautista, esta situaci\u00f3n contribuy\u00f3 a visibilizar la importancia y la necesidad de contar con un equipo de asistencia psicol\u00f3gica de urgencia.<\/p>\n\n\n\n<p>Hubo otros sucesos encadenados en esos d\u00edas. Se encendieron las alarmas a nivel comunitario por un problema que afectaba mayormente a la poblaci\u00f3n de adolescentes y j\u00f3venes: los suicidios e intentos de suicidios. Por esa raz\u00f3n, a fines de octubre se implement\u00f3 una l\u00ednea telef\u00f3nica de ayuda al suicida&nbsp; atendida temporalmente por Psic\u00f3logas del H.I.S.J.B. y se aprob\u00f3 el proyecto de creaci\u00f3n de las Guardias Psicol\u00f3gicas en ese hospital, las que posteriormente se ampliar\u00edan al Hospital Interzonal de Ni\u00f1os \u201cEva Per\u00f3n\u201d y a la Maternidad Provincial.<\/p>\n\n\n\n<p>Aquellas fueron experiencias humanas y profesionales que conmovieron nuestra pr\u00e1ctica cl\u00ednica, nos impusieron desaf\u00edos y exigencias nuevas con respecto al abordaje de situaciones l\u00edmite y tambi\u00e9n contribuyeron a legitimarnos como parte de un\u00a0 dispositivo de atenci\u00f3n de emergencia\u00a0 junto a otros profesionales de la salud y de diferentes ramas de la medicina. Quedaron en el pasado gran parte de las viejas disputas que se basaban en el predominio del discurso m\u00e9dico y la sociedad catamarque\u00f1a acept\u00f3 e incorpor\u00f3 definitivamente a la Psicolog\u00eda como una pr\u00e1ctica concreta realizada por profesionales espec\u00edficamente capacitados. Se afianzaba ya el terreno donde germinaba la apertura de la Residencia de Psicolog\u00eda Cl\u00ednica y Comunitaria y posteriormente la RISAM, en el Hospital Interzonal San Juan Bautista.<\/p>\n\n\n\n<p>El terremoto del 7 de septiembre de 2004 (otra vez septiembre) fue otra cat\u00e1strofe que, como marca de \u00e9poca, afect\u00f3 a nuestra provincia y a nuestra profesi\u00f3n en este joven nuevo siglo.<\/p>\n\n\n\n<p>Como para compensar, el a\u00f1o 2004, sin embargo, nos trajo una noticia extremadamente feliz: el Colegio tuvo casa propia. La historia de su adquisici\u00f3n nos llega a trav\u00e9s del relato de quien presid\u00eda el Consejo Directivo en ese momento.<\/p>\n\n\n\n<p><em>Fragmento de entrevista a la Lic. Carmen Mart\u00ednez<\/em><\/p>\n\n\n\n<p><em>Transcurr\u00eda el a\u00f1o 2002 y ya el Colegio contaba con un ahorro importante y suficiente como para adquirir un inmueble. Empezamos a buscar la casa en un momento muy cr\u00edtico porque el famoso corralito hab\u00eda inmovilizado los dep\u00f3sitos bancarios, los ahorros de los argentinos en general y por supuesto, el dinero del Colegio en particular. \u00a1Fueron momentos tremendos! Era imposible en ese momento sacar\u00a0 ese dinero depositado en el Banco de la Naci\u00f3n. Los precios de los inmuebles ubicados en el centro se fueron a las nubes, y eso volv\u00eda casi imposible concretar el sue\u00f1o de la sede propia\u2026 Y ya est\u00e1bamos en medio de esa afanosa b\u00fasqueda que dur\u00f3 meses. Fue Nilda Ace\u00f1olaza quien hizo un descubrimiento, encontr\u00f3 una casa ubicada en la\u00a0 Av. Mariano Moreno, pero hab\u00eda un problema: la casa se encontraba en juicio sucesorio. La casita era precaria, pero con un terreno hermoso, muy grande. Lo que nos entusiasm\u00f3 y decidi\u00f3 fue la ubicaci\u00f3n de la casita y las dimensiones del terreno que permitir\u00edan en el futuro su mejora y ampliaci\u00f3n.\u00a0<\/em><\/p>\n\n\n\n<p><em>Ten\u00edamos la casa, pero no dispon\u00edamos del dinero que segu\u00eda atrapado en el corralito. Se interpuso un amparo ante la Justicia Federal y afortunadamente sali\u00f3 favorable, se logr\u00f3 concretar la operaci\u00f3n de contado y nos quedaba resto para encarar las refacciones. Incre\u00edble, despu\u00e9s de tantas dificultades, todo sali\u00f3 bien.<\/em><\/p>\n\n\n\n<p><em>\u00a1Recuerdo tantas cosas! Habr\u00eda m\u00faltiples an\u00e9cdotas para relatar\u2026 \u00e9ramos inexpertas y sin conocimiento en estas operaciones y sent\u00edamos una enorme responsabilidad y temor a equivocarnos. La que m\u00e1s recuerdo: la escribana \u00c1lvarez Castro nos asesor\u00f3 excelentemente e intervino en un momento decisivo de muchos nervios y mucha incertidumbre. Cuando un familiar de la propietaria, inesperadamente, se opuso a la venta, ella solucion\u00f3 el conflicto. Hicimos una licitaci\u00f3n, convocamos a empresas constructoras, varias se presentaron. Este se llev\u00f3 a cabo en base a un proyecto realizado por una arquitecta que nos complaci\u00f3 a todas. Finalmente, la inauguraci\u00f3n de nuestra sede definitiva fue el 28 de mayo del 2004. De ese momento es la foto, hermoso recuerdo.<\/em><\/p>\n\n\n<div class=\"wp-block-image\">\n<figure class=\"aligncenter size-large\"><a href=\"https:\/\/psicologoscatamarca.com.ar\/psicoweb\/wp-content\/uploads\/2022\/10\/WhatsApp-Image-2022-09-28-at-09.20.39-e1666893442194.jpeg\"><img loading=\"lazy\" decoding=\"async\" width=\"1024\" height=\"871\" src=\"https:\/\/psicologoscatamarca.com.ar\/psicoweb\/wp-content\/uploads\/2022\/10\/WhatsApp-Image-2022-09-28-at-09.20.39-e1666893442194-1024x871.jpeg\" alt=\"\" class=\"wp-image-945\" srcset=\"https:\/\/psicologoscatamarca.com.ar\/psicoweb\/wp-content\/uploads\/2022\/10\/WhatsApp-Image-2022-09-28-at-09.20.39-e1666893442194-1024x871.jpeg 1024w, https:\/\/psicologoscatamarca.com.ar\/psicoweb\/wp-content\/uploads\/2022\/10\/WhatsApp-Image-2022-09-28-at-09.20.39-e1666893442194-300x255.jpeg 300w, https:\/\/psicologoscatamarca.com.ar\/psicoweb\/wp-content\/uploads\/2022\/10\/WhatsApp-Image-2022-09-28-at-09.20.39-e1666893442194-768x653.jpeg 768w, https:\/\/psicologoscatamarca.com.ar\/psicoweb\/wp-content\/uploads\/2022\/10\/WhatsApp-Image-2022-09-28-at-09.20.39-e1666893442194-600x510.jpeg 600w, https:\/\/psicologoscatamarca.com.ar\/psicoweb\/wp-content\/uploads\/2022\/10\/WhatsApp-Image-2022-09-28-at-09.20.39-e1666893442194.jpeg 1129w\" sizes=\"auto, (max-width: 1024px) 100vw, 1024px\" \/><\/a><figcaption>El logro de la casa propia, momento de gran felicidad y satisfacci\u00f3n. Mayo, 2004. E. Campos, C. Alvarez, G. Walter, M. Manzi, C. Martinez,N. Ace\u00f1olaza, M. Jofre, C. Robert, D. Biasoni, N. Urquiza, S. Pernasetti.<\/figcaption><\/figure>\n<\/div>\n\n\n<p><strong>Comentario final<\/strong><\/p>\n\n\n\n<p>Esperamos, sinceramente, haber aportado trayendo del pasado hechos y vivencias que nos hicieron ser quienes somos y alimentar as\u00ed ese sentimiento de identidad que nos&nbsp; hace reconocernos como trabajadores y trabajadoras de la salud mental, comprometidos&nbsp; con la \u00e9poca y sus vicisitudes.<\/p>\n\n\n\n<p>Ojal\u00e1 que esta memoria contin\u00fae a trav\u00e9s del inter\u00e9s y la participaci\u00f3n de otras y otros colegas sum\u00e1ndose a la tarea de recuperar y conservar las historias compartidas.<\/p>\n\n\n\n<p><\/p>\n\n\n\n<p class=\"has-text-align-right\">San Fernando del Valle de Catamarca, 13 de octubre de 2022<\/p>\n","protected":false},"excerpt":{"rendered":"<p>En memoria de nuestras compa\u00f1eras Dora Biasoni y Miriam Iozzo El Consejo Directivo del Colegio de Psic\u00f3logos en funciones durante septiembre de 2019 formul\u00f3 un pedido a asociados que se incorporaron en los inicios de la Instituci\u00f3n &nbsp;para que recopilen datos y vivencias y escriban un trabajo bajo el t\u00edtulo de El Colegio de Psic\u00f3logos [&hellip;]<\/p>\n","protected":false},"author":2,"featured_media":0,"parent":0,"menu_order":0,"comment_status":"closed","ping_status":"closed","template":"","meta":{"cybocfi_hide_featured_image":"","footnotes":""},"class_list":["post-910","page","type-page","status-publish","hentry"],"_links":{"self":[{"href":"https:\/\/psicologoscatamarca.com.ar\/psicoweb\/wp-json\/wp\/v2\/pages\/910","targetHints":{"allow":["GET"]}}],"collection":[{"href":"https:\/\/psicologoscatamarca.com.ar\/psicoweb\/wp-json\/wp\/v2\/pages"}],"about":[{"href":"https:\/\/psicologoscatamarca.com.ar\/psicoweb\/wp-json\/wp\/v2\/types\/page"}],"author":[{"embeddable":true,"href":"https:\/\/psicologoscatamarca.com.ar\/psicoweb\/wp-json\/wp\/v2\/users\/2"}],"replies":[{"embeddable":true,"href":"https:\/\/psicologoscatamarca.com.ar\/psicoweb\/wp-json\/wp\/v2\/comments?post=910"}],"version-history":[{"count":14,"href":"https:\/\/psicologoscatamarca.com.ar\/psicoweb\/wp-json\/wp\/v2\/pages\/910\/revisions"}],"predecessor-version":[{"id":949,"href":"https:\/\/psicologoscatamarca.com.ar\/psicoweb\/wp-json\/wp\/v2\/pages\/910\/revisions\/949"}],"wp:attachment":[{"href":"https:\/\/psicologoscatamarca.com.ar\/psicoweb\/wp-json\/wp\/v2\/media?parent=910"}],"curies":[{"name":"wp","href":"https:\/\/api.w.org\/{rel}","templated":true}]}}